{"id":4901,"date":"2018-11-30T13:34:53","date_gmt":"2018-11-30T13:34:53","guid":{"rendered":"http:\/\/www.hubertus-schuetzenverein.de\/?page_id=4901"},"modified":"2018-11-30T13:34:53","modified_gmt":"2018-11-30T13:34:53","slug":"2017-2","status":"publish","type":"page","link":"https:\/\/www.hubertus-schuetzenverein.de\/?page_id=4901","title":{"rendered":"2017"},"content":{"rendered":"<p>J\u00f6rg Sch\u00fcring regiert nun den Kongo<\/p>\n<p>Der Hubertus Sch\u00fctzenverein Salzbergen e. V. feierte vom 12.-14. August sein 52. Sch\u00fctzenfest. Der Samstag stand ganz im Zeichen eines z\u00fcnftigen Musikabends. Erst traf man sich mit Pastor Droste zu einem Wortgottesdienst, danach spielte die Spitzen- Liveband Holy Moly und brachte des Festzelt zum beben.<br \/>\nAm Sonntagnachmittag wurden Frank Bojer, Michael Drees, G\u00fcnter G\u00f6cking, Kalle Meyer, J\u00f6rg R\u00f6wer f\u00fcr 25 Jahre Mitgliedschaft und Franz Reker f\u00fcr 50 Jahre Mitgliedschaft geehrt. Weiter geehrt wurde Marco Thien f\u00fcr 10 Jahre Fahnentr\u00e4ger. Marc Lauel bekam eine Ehrung f\u00fcr den Wachek\u00f6nig 2016.<br \/>\nAm Sonntagnachmittag fand das Kindersch\u00fctzenfest statt hier gelang es Dana Barkmann die Kinderk\u00f6niginw\u00fcrde zu erringen, Tom Gillmann wurde Kinderk\u00f6nig. Wie in jedem Jahr wurde dann auch am Montag der neue K\u00f6nig gekr\u00f6nt. J\u00f6rg Sch\u00fcring war der gl\u00fcckliche Sch\u00fctze und \u00fcbernahm die Regentschaft vom Vorjahresk\u00f6nig Thomas Altevolmer, zur K\u00f6nigin nahm er seine Frau Bianka. Beim Vogelschie\u00dfen gab es au\u00dferdem Orden f\u00fcr folgende treffsichere Sch\u00fctzen: Fl\u00fcgel links Manfred Wilde, Fl\u00fcgel rechts Erik Pr\u00f6hl, Kralli links Markus Scheffer, Kralle rechts Helmut Th\u00fcnemann, Schwanz Marco Thale, Kopf Nico Fehren sowie f\u00fcr Krone Norbert Faller, Zepter Thomas M\u00fclder, Apfel Ulrich Kappenberg.<br \/>\nDie Kr\u00f6nung des Sch\u00fctzenfestes war zweifelsohne der K\u00f6nigsball am Montagabend mit der Stimmungsband \u201eFun Time Musik Entertainment\u201c.<\/p>\n<figure id=\"attachment_4097\" aria-describedby=\"caption-attachment-4097\" style=\"width: 200px\" class=\"wp-caption alignleft\"><img data-recalc-dims=\"1\" loading=\"lazy\" decoding=\"async\" class=\"wp-image-4097 size-medium\" src=\"https:\/\/i0.wp.com\/www.hubertus-schuetzenverein.de\/wp-content\/uploads\/2017\/09\/Kinderkoenigspaar_2017.jpg?resize=200%2C300\" alt=\"Kinderk\u00f6nigspaar 2017 - Dana Barkmann und Tom Gillmann\" width=\"200\" height=\"300\" srcset=\"https:\/\/i0.wp.com\/www.hubertus-schuetzenverein.de\/wp-content\/uploads\/2017\/09\/Kinderkoenigspaar_2017.jpg?resize=200%2C300&amp;ssl=1 200w, https:\/\/i0.wp.com\/www.hubertus-schuetzenverein.de\/wp-content\/uploads\/2017\/09\/Kinderkoenigspaar_2017.jpg?resize=768%2C1151&amp;ssl=1 768w, https:\/\/i0.wp.com\/www.hubertus-schuetzenverein.de\/wp-content\/uploads\/2017\/09\/Kinderkoenigspaar_2017.jpg?resize=683%2C1024&amp;ssl=1 683w, https:\/\/i0.wp.com\/www.hubertus-schuetzenverein.de\/wp-content\/uploads\/2017\/09\/Kinderkoenigspaar_2017.jpg?w=2400 2400w\" sizes=\"auto, (max-width: 200px) 100vw, 200px\" \/><figcaption id=\"caption-attachment-4097\" class=\"wp-caption-text\">Kinderk\u00f6nigspaar 2017 &#8211; Dana Barkmann und Tom Gillmann<\/figcaption><\/figure>\n<figure id=\"attachment_3610\" aria-describedby=\"caption-attachment-3610\" style=\"width: 200px\" class=\"wp-caption alignleft\"><img data-recalc-dims=\"1\" loading=\"lazy\" decoding=\"async\" class=\"size-medium wp-image-3610\" src=\"https:\/\/i0.wp.com\/www.hubertus-schuetzenverein.de\/wp-content\/uploads\/2017\/06\/Koenigspaar_2017.jpg?resize=200%2C300\" alt=\"\" width=\"200\" height=\"300\" srcset=\"https:\/\/i0.wp.com\/www.hubertus-schuetzenverein.de\/wp-content\/uploads\/2017\/06\/Koenigspaar_2017.jpg?resize=200%2C300&amp;ssl=1 200w, https:\/\/i0.wp.com\/www.hubertus-schuetzenverein.de\/wp-content\/uploads\/2017\/06\/Koenigspaar_2017.jpg?resize=768%2C1151&amp;ssl=1 768w, https:\/\/i0.wp.com\/www.hubertus-schuetzenverein.de\/wp-content\/uploads\/2017\/06\/Koenigspaar_2017.jpg?resize=683%2C1024&amp;ssl=1 683w, https:\/\/i0.wp.com\/www.hubertus-schuetzenverein.de\/wp-content\/uploads\/2017\/06\/Koenigspaar_2017.jpg?w=1801&amp;ssl=1 1801w\" sizes=\"auto, (max-width: 200px) 100vw, 200px\" \/><figcaption id=\"caption-attachment-3610\" class=\"wp-caption-text\">Bianka &amp; J\u00f6rg Sch\u00fcring \u2013 Foto: Klaus G\u00f6dde \u00a9 2017<\/figcaption><\/figure>\n<p>&nbsp;<\/p>\n<p>&nbsp;<\/p>\n","protected":false},"excerpt":{"rendered":"<p>J\u00f6rg Sch\u00fcring regiert nun den Kongo Der Hubertus Sch\u00fctzenverein Salzbergen e. V. feierte vom 12.-14. August sein 52. Sch\u00fctzenfest. Der Samstag stand ganz im Zeichen eines z\u00fcnftigen Musikabends. Erst traf man sich mit Pastor Droste zu einem Wortgottesdienst, danach spielte die Spitzen- Liveband Holy Moly und brachte des Festzelt zum beben. Am Sonntagnachmittag wurden Frank [&hellip;]<\/p>\n","protected":false},"author":1,"featured_media":0,"parent":2458,"menu_order":0,"comment_status":"closed","ping_status":"closed","template":"","meta":{"jetpack_post_was_ever_published":false,"footnotes":""},"class_list":["post-4901","page","type-page","status-publish","hentry","entry"],"jetpack_sharing_enabled":true,"jetpack_shortlink":"https:\/\/wp.me\/P8RsoT-1h3","jetpack-related-posts":[{"id":5756,"url":"https:\/\/www.hubertus-schuetzenverein.de\/?page_id=5756","url_meta":{"origin":4901,"position":0},"title":"2018","author":"Thorsten","date":"November 11, 2019","format":false,"excerpt":"Matthias R\u00f6ttering regiert den Kongo! Der Hubertus Sch\u00fctzenverein Salzbergen e. V. feierte vom 11.-13. August sein 53. Sch\u00fctzenfest. Der Samstag stand ganz im Zeichen eines z\u00fcnftigen Musikabends. Erst traf man sich mit Pastor Droste zu einem Wortgottesdienst, danach spielte die Spitzen- Liveband Holy Moly und brachte das Festzelt zum beben.\u2026","rel":"","context":"\u00c4hnlicher Beitrag","block_context":{"text":"\u00c4hnlicher Beitrag","link":""},"img":{"alt_text":"2018 - Mareike Egbers & Matthias R\u00f6ttering","src":"https:\/\/i0.wp.com\/www.hubertus-schuetzenverein.de\/wp-content\/uploads\/2018\/08\/koenigspaar_2018_klein.jpg?resize=350%2C200&ssl=1","width":350,"height":200,"srcset":"https:\/\/i0.wp.com\/www.hubertus-schuetzenverein.de\/wp-content\/uploads\/2018\/08\/koenigspaar_2018_klein.jpg?resize=350%2C200&ssl=1 1x, https:\/\/i0.wp.com\/www.hubertus-schuetzenverein.de\/wp-content\/uploads\/2018\/08\/koenigspaar_2018_klein.jpg?resize=525%2C300&ssl=1 1.5x, https:\/\/i0.wp.com\/www.hubertus-schuetzenverein.de\/wp-content\/uploads\/2018\/08\/koenigspaar_2018_klein.jpg?resize=700%2C400&ssl=1 2x"},"classes":[]},{"id":4092,"url":"https:\/\/www.hubertus-schuetzenverein.de\/?page_id=4092","url_meta":{"origin":4901,"position":1},"title":"2019","author":"Thorsten","date":"September 1, 2017","format":false,"excerpt":"Reiner Thale regiert den Kongo! Der Hubertus Sch\u00fctzenverein Salzbergen e. V. feierte vom 10.-12. August sein 54. Sch\u00fctzenfest. Der Samstag stand ganz im Zeichen eines z\u00fcnftigen Musikabends. Erst traf man sich mit Pastor Droste zu einem Wortgottesdienst, danach spielte die Spitzen- Liveband Holy Moly und brachte das Festzelt zum Beben.\u00a0\u2026","rel":"","context":"\u00c4hnlicher Beitrag","block_context":{"text":"\u00c4hnlicher Beitrag","link":""},"img":{"alt_text":"K\u00f6nigspaar Gudrun und Reiner Thale, Foto: Klaus G\u00f6dde","src":"https:\/\/i0.wp.com\/www.hubertus-schuetzenverein.de\/wp-content\/uploads\/2019\/11\/koenigspaar_2019-200x300.jpg?resize=350%2C200","width":350,"height":200},"classes":[]},{"id":292,"url":"https:\/\/www.hubertus-schuetzenverein.de\/?page_id=292","url_meta":{"origin":4901,"position":2},"title":"2016","author":"Thorsten","date":"Juni 20, 2017","format":false,"excerpt":"Thomas Altevolmer ist der neue K\u00f6nig im Kongo Der Hubertus \u2013 Sch\u00fctzenverein Salzbergen e. V. feierte vom 13.-15. August sein 51. Sch\u00fctzenfest. Der Samstag stand ganz im Zeichen eines Wachejubelfestes. Die Kongo-Wache feierte ihr 25-j\u00e4hriges Bestehen. Hier gelang es Fabian Altevolmer der 3. Jugendsch\u00fctzenk\u00f6nig in Salzbergen zu werden. Am Sonntagnachmittag\u2026","rel":"","context":"\u00c4hnlicher Beitrag","block_context":{"text":"\u00c4hnlicher Beitrag","link":""},"img":{"alt_text":"Saskia Altemeyer und Fabian Altevolmer, Reinhild und Thomas Altevolmer, Helga und Hermann Struffert ","src":"https:\/\/i0.wp.com\/www.hubertus-schuetzenverein.de\/wp-content\/uploads\/2017\/06\/alle_koenige_2016-300x200.jpg?resize=350%2C200","width":350,"height":200},"classes":[]},{"id":9124,"url":"https:\/\/www.hubertus-schuetzenverein.de\/?page_id=9124","url_meta":{"origin":4901,"position":3},"title":"Pressebericht Sch\u00fctzenfest 2025","author":"Thorsten","date":"August 14, 2025","format":false,"excerpt":"Niels Finke neuer K\u00f6nig des Hubertus Sch\u00fctzenvereins Der Hubertus Sch\u00fctzenverein Salzbergen e. V. feierte vom 09.-11. August sein 60. Sch\u00fctzenfest. Er\u00f6ffnet wurde das Sch\u00fctzenfest am Samstagabend wie \u00fcblich mit einem Wortgottesdienst durch Pastor Droste. Im Anschluss daran fand die gro\u00dfe Zeltparty mit dem DJ-Team \u201eXplosion\u201c statt, welches bis in die\u2026","rel":"","context":"\u00c4hnlicher Beitrag","block_context":{"text":"\u00c4hnlicher Beitrag","link":""},"img":{"alt_text":"2025 - Niels und Melanie Finke","src":"https:\/\/i0.wp.com\/www.hubertus-schuetzenverein.de\/wp-content\/uploads\/2025\/08\/HubertusKoenigspaar_2025-scaled.jpg?resize=350%2C200","width":350,"height":200,"srcset":"https:\/\/i0.wp.com\/www.hubertus-schuetzenverein.de\/wp-content\/uploads\/2025\/08\/HubertusKoenigspaar_2025-scaled.jpg?resize=350%2C200 1x, https:\/\/i0.wp.com\/www.hubertus-schuetzenverein.de\/wp-content\/uploads\/2025\/08\/HubertusKoenigspaar_2025-scaled.jpg?resize=525%2C300 1.5x, https:\/\/i0.wp.com\/www.hubertus-schuetzenverein.de\/wp-content\/uploads\/2025\/08\/HubertusKoenigspaar_2025-scaled.jpg?resize=700%2C400 2x, https:\/\/i0.wp.com\/www.hubertus-schuetzenverein.de\/wp-content\/uploads\/2025\/08\/HubertusKoenigspaar_2025-scaled.jpg?resize=1050%2C600 3x, https:\/\/i0.wp.com\/www.hubertus-schuetzenverein.de\/wp-content\/uploads\/2025\/08\/HubertusKoenigspaar_2025-scaled.jpg?resize=1400%2C800 4x"},"classes":[]},{"id":3553,"url":"https:\/\/www.hubertus-schuetzenverein.de\/?page_id=3553","url_meta":{"origin":4901,"position":4},"title":"2013","author":"Thorsten","date":"Juni 29, 2017","format":false,"excerpt":"Pressbericht 2013 Der Hubertus \u2013 Sch\u00fctzenverein Salzbergen e. V. feierte vom 10. \u2013 12. August sein 48.Sch\u00fctzenfest. Der Samstag stand ganz im Zeichen eines z\u00fcnftigen Musikabends. Erst traf man sich mit Pastor Droste zu einem Wortgottesdienst danach spielte DJ SKYLINEMUSIC Hits vom Plattenteller und weiter sp\u00e4ter wurde abgerockt mit der\u2026","rel":"","context":"\u00c4hnlicher Beitrag","block_context":{"text":"\u00c4hnlicher Beitrag","link":""},"img":{"alt_text":"","src":"https:\/\/i0.wp.com\/wordpress.hubertus-schuetzenverein.de\/wp-content\/uploads\/2017\/06\/presse-2013-300x200.jpg?resize=350%2C200","width":350,"height":200},"classes":[]},{"id":8688,"url":"https:\/\/www.hubertus-schuetzenverein.de\/?page_id=8688","url_meta":{"origin":4901,"position":5},"title":"2024","author":"Thorsten","date":"August 19, 2024","format":false,"excerpt":"Pascal Elling neuer K\u00f6nig bei den Hubertus Sch\u00fctzen Der Hubertus Sch\u00fctzenverein Salzbergen e. V. feierte vom 10.-12. August sein 59. Sch\u00fctzenfest. Er\u00f6ffnet wurde das Sch\u00fctzenfest am Samstagabend wie \u00fcblich mit einem Wortgottesdienst durch Pastor Droste. Im Anschluss daran fand die gro\u00dfe Zeltparty mit dem DJ-Team \u201eXplosion\u201c statt, welches bis in\u2026","rel":"","context":"\u00c4hnlicher Beitrag","block_context":{"text":"\u00c4hnlicher Beitrag","link":""},"img":{"alt_text":"2024 - Pascal Elling und Helen K\u00fcnnemann","src":"https:\/\/i0.wp.com\/www.hubertus-schuetzenverein.de\/wp-content\/uploads\/2024\/08\/HubertusKoenigspaar_2024-scaled.jpg?resize=350%2C200","width":350,"height":200,"srcset":"https:\/\/i0.wp.com\/www.hubertus-schuetzenverein.de\/wp-content\/uploads\/2024\/08\/HubertusKoenigspaar_2024-scaled.jpg?resize=350%2C200 1x, https:\/\/i0.wp.com\/www.hubertus-schuetzenverein.de\/wp-content\/uploads\/2024\/08\/HubertusKoenigspaar_2024-scaled.jpg?resize=525%2C300 1.5x, https:\/\/i0.wp.com\/www.hubertus-schuetzenverein.de\/wp-content\/uploads\/2024\/08\/HubertusKoenigspaar_2024-scaled.jpg?resize=700%2C400 2x, https:\/\/i0.wp.com\/www.hubertus-schuetzenverein.de\/wp-content\/uploads\/2024\/08\/HubertusKoenigspaar_2024-scaled.jpg?resize=1050%2C600 3x, https:\/\/i0.wp.com\/www.hubertus-schuetzenverein.de\/wp-content\/uploads\/2024\/08\/HubertusKoenigspaar_2024-scaled.jpg?resize=1400%2C800 4x"},"classes":[]}],"_links":{"self":[{"href":"https:\/\/www.hubertus-schuetzenverein.de\/index.php?rest_route=\/wp\/v2\/pages\/4901","targetHints":{"allow":["GET"]}}],"collection":[{"href":"https:\/\/www.hubertus-schuetzenverein.de\/index.php?rest_route=\/wp\/v2\/pages"}],"about":[{"href":"https:\/\/www.hubertus-schuetzenverein.de\/index.php?rest_route=\/wp\/v2\/types\/page"}],"author":[{"embeddable":true,"href":"https:\/\/www.hubertus-schuetzenverein.de\/index.php?rest_route=\/wp\/v2\/users\/1"}],"replies":[{"embeddable":true,"href":"https:\/\/www.hubertus-schuetzenverein.de\/index.php?rest_route=%2Fwp%2Fv2%2Fcomments&post=4901"}],"version-history":[{"count":1,"href":"https:\/\/www.hubertus-schuetzenverein.de\/index.php?rest_route=\/wp\/v2\/pages\/4901\/revisions"}],"predecessor-version":[{"id":4902,"href":"https:\/\/www.hubertus-schuetzenverein.de\/index.php?rest_route=\/wp\/v2\/pages\/4901\/revisions\/4902"}],"up":[{"embeddable":true,"href":"https:\/\/www.hubertus-schuetzenverein.de\/index.php?rest_route=\/wp\/v2\/pages\/2458"}],"wp:attachment":[{"href":"https:\/\/www.hubertus-schuetzenverein.de\/index.php?rest_route=%2Fwp%2Fv2%2Fmedia&parent=4901"}],"curies":[{"name":"wp","href":"https:\/\/api.w.org\/{rel}","templated":true}]}}