{"id":4092,"date":"2017-09-01T12:40:39","date_gmt":"2017-09-01T12:40:39","guid":{"rendered":"http:\/\/www.hubertus-schuetzenverein.de\/?page_id=4092"},"modified":"2022-08-23T10:25:30","modified_gmt":"2022-08-23T10:25:30","slug":"presseartikel-2017","status":"publish","type":"page","link":"https:\/\/www.hubertus-schuetzenverein.de\/?page_id=4092","title":{"rendered":"2019"},"content":{"rendered":"<p><span style=\"font-weight: 400;\">Reiner Thale regiert den Kongo!<\/span><\/p>\n<p><span style=\"font-weight: 400;\">Der Hubertus Sch\u00fctzenverein Salzbergen e. V. feierte vom 10.-12. August sein 54. Sch\u00fctzenfest. Der Samstag stand ganz im Zeichen eines z\u00fcnftigen Musikabends. Erst traf man sich mit Pastor Droste zu einem Wortgottesdienst, danach spielte die Spitzen- Liveband Holy Moly und brachte das Festzelt zum Beben.&nbsp;<\/span><\/p>\n<p><span style=\"font-weight: 400;\">Am Sonntagnachmittag wurden Marc Sch\u00fcring, Stefan Winkler, Norbert Grothaus, Michael Niemeyer, Heinrich Werning, J\u00f6rg Sch\u00fcring und Thomas Scheepers f\u00fcr 25 Jahre Mitgliedschaft geehrt. Weiter geehrt wurde Hubertus Rekers f\u00fcr 30 Jahre Waffenwart. Patrick Stein bekam eine Ehrung f\u00fcr den Wachek\u00f6nig 2018.&nbsp;<\/span><\/p>\n<p><span style=\"font-weight: 400;\">Am Sonntagnachmittag fand das Kindersch\u00fctzenfest statt. Hier gelang es Sophie Nega die Kinderk\u00f6niginw\u00fcrde zu erringen, Philipp Vogelpohl wurde Kinderk\u00f6nig. Wie in jedem Jahr wurde dann auch am Montag der neue K\u00f6nig gekr\u00f6nt. Reiner Thale war der gl\u00fcckliche Sch\u00fctze und \u00fcbernahm die Regentschaft vom Vorjahresk\u00f6nig Matthias R\u00f6ttering, zur K\u00f6nigin nahm er seine Frau Gudrun. Beim Vogelschie\u00dfen gab es au\u00dferdem Orden f\u00fcr folgende treffsichere Sch\u00fctzen: Linker Fl\u00fcgel Christian Oberhoff, Rechter Fl\u00fcgel Thomas Scheepers, Linke Kralle Helmut Th\u00fcnemann, Rechte Kralle Christian Keutz, Schwanz Rico Focks, Kopf Nico Fehren sowie f\u00fcr Krone J\u00fcrgen P\u00f6ttering, Zepter Michael Busch, Apfel Michael B\u00fcnker.&nbsp;<\/span><\/p>\n<p><span style=\"font-weight: 400;\">Die Kr\u00f6nung des Sch\u00fctzenfestes war zweifelsohne der K\u00f6nigsball am Montagabend mit der Stimmungsband \u201eSunbeach\u201c.<\/span><\/p>\n<figure id=\"attachment_5760\" aria-describedby=\"caption-attachment-5760\" style=\"width: 200px\" class=\"wp-caption alignleft\"><a href=\"https:\/\/i0.wp.com\/www.hubertus-schuetzenverein.de\/wp-content\/uploads\/2019\/11\/koenigspaar_2019.jpg\"><img data-recalc-dims=\"1\" loading=\"lazy\" decoding=\"async\" class=\"size-medium wp-image-5760\" src=\"https:\/\/i0.wp.com\/www.hubertus-schuetzenverein.de\/wp-content\/uploads\/2019\/11\/koenigspaar_2019.jpg?resize=200%2C300\" alt=\"K\u00f6nigspaar Gudrun und Reiner Thale, Foto: Klaus G\u00f6dde\" width=\"200\" height=\"300\" srcset=\"https:\/\/i0.wp.com\/www.hubertus-schuetzenverein.de\/wp-content\/uploads\/2019\/11\/koenigspaar_2019.jpg?resize=200%2C300&amp;ssl=1 200w, https:\/\/i0.wp.com\/www.hubertus-schuetzenverein.de\/wp-content\/uploads\/2019\/11\/koenigspaar_2019.jpg?resize=768%2C1152&amp;ssl=1 768w, https:\/\/i0.wp.com\/www.hubertus-schuetzenverein.de\/wp-content\/uploads\/2019\/11\/koenigspaar_2019.jpg?resize=683%2C1024&amp;ssl=1 683w, https:\/\/i0.wp.com\/www.hubertus-schuetzenverein.de\/wp-content\/uploads\/2019\/11\/koenigspaar_2019.jpg?w=2400 2400w\" sizes=\"auto, (max-width: 200px) 100vw, 200px\" \/><\/a><figcaption id=\"caption-attachment-5760\" class=\"wp-caption-text\">K\u00f6nigspaar Gudrun und Reiner Thale, Foto: Klaus G\u00f6dde<\/figcaption><\/figure>\n<figure id=\"attachment_5761\" aria-describedby=\"caption-attachment-5761\" style=\"width: 225px\" class=\"wp-caption alignright\"><a href=\"https:\/\/i0.wp.com\/www.hubertus-schuetzenverein.de\/wp-content\/uploads\/2019\/11\/kinderkoenigspaar_2019.jpg\"><img data-recalc-dims=\"1\" loading=\"lazy\" decoding=\"async\" class=\"size-medium wp-image-5761\" src=\"https:\/\/i0.wp.com\/www.hubertus-schuetzenverein.de\/wp-content\/uploads\/2019\/11\/kinderkoenigspaar_2019.jpg?resize=225%2C300\" alt=\"Kinderk\u00f6nigspaar Sophie Nega und Philipp Vogelpohl, Foto: Thorsten Veerkamp\" width=\"225\" height=\"300\" srcset=\"https:\/\/i0.wp.com\/www.hubertus-schuetzenverein.de\/wp-content\/uploads\/2019\/11\/kinderkoenigspaar_2019.jpg?resize=225%2C300&amp;ssl=1 225w, https:\/\/i0.wp.com\/www.hubertus-schuetzenverein.de\/wp-content\/uploads\/2019\/11\/kinderkoenigspaar_2019.jpg?resize=768%2C1024&amp;ssl=1 768w, https:\/\/i0.wp.com\/www.hubertus-schuetzenverein.de\/wp-content\/uploads\/2019\/11\/kinderkoenigspaar_2019.jpg?w=2400 2400w\" sizes=\"auto, (max-width: 225px) 100vw, 225px\" \/><\/a><figcaption id=\"caption-attachment-5761\" class=\"wp-caption-text\">Kinderk\u00f6nigspaar Sophie Nega und Philipp Vogelpohl, Foto: Thorsten Veerkamp<\/figcaption><\/figure>\n","protected":false},"excerpt":{"rendered":"<p>Reiner Thale regiert den Kongo! Der Hubertus Sch\u00fctzenverein Salzbergen e. V. feierte vom 10.-12. August sein 54. Sch\u00fctzenfest. Der Samstag stand ganz im Zeichen eines z\u00fcnftigen Musikabends. Erst traf man sich mit Pastor Droste zu einem Wortgottesdienst, danach spielte die Spitzen- Liveband Holy Moly und brachte das Festzelt zum Beben.&nbsp; Am Sonntagnachmittag wurden Marc Sch\u00fcring, [&hellip;]<\/p>\n","protected":false},"author":1,"featured_media":0,"parent":2458,"menu_order":0,"comment_status":"closed","ping_status":"closed","template":"","meta":{"jetpack_post_was_ever_published":false,"footnotes":""},"class_list":["post-4092","page","type-page","status-publish","hentry","entry"],"jetpack_sharing_enabled":true,"jetpack_shortlink":"https:\/\/wp.me\/P8RsoT-140","jetpack-related-posts":[{"id":4901,"url":"https:\/\/www.hubertus-schuetzenverein.de\/?page_id=4901","url_meta":{"origin":4092,"position":0},"title":"2017","author":"Thorsten","date":"November 30, 2018","format":false,"excerpt":"J\u00f6rg Sch\u00fcring regiert nun den Kongo Der Hubertus Sch\u00fctzenverein Salzbergen e. V. feierte vom 12.-14. August sein 52. Sch\u00fctzenfest. Der Samstag stand ganz im Zeichen eines z\u00fcnftigen Musikabends. Erst traf man sich mit Pastor Droste zu einem Wortgottesdienst, danach spielte die Spitzen- Liveband Holy Moly und brachte des Festzelt zum\u2026","rel":"","context":"\u00c4hnlicher Beitrag","block_context":{"text":"\u00c4hnlicher Beitrag","link":""},"img":{"alt_text":"Kinderk\u00f6nigspaar 2017 - Dana Barkmann und Tom Gillmann","src":"https:\/\/i0.wp.com\/www.hubertus-schuetzenverein.de\/wp-content\/uploads\/2017\/09\/Kinderkoenigspaar_2017-200x300.jpg?resize=350%2C200","width":350,"height":200},"classes":[]},{"id":7693,"url":"https:\/\/www.hubertus-schuetzenverein.de\/?page_id=7693","url_meta":{"origin":4092,"position":1},"title":"2022","author":"Thorsten","date":"August 23, 2022","format":false,"excerpt":"Olaf Nega neuer K\u00f6nig bei den Hubertus Sch\u00fctzen\u00a0 Der Hubertus Sch\u00fctzenverein Salzbergen e. V. feierte vom 13.-15. August sein 57. Sch\u00fctzenfest. Er\u00f6ffnet wurde das Sch\u00fctzenfest am Samstagabend mit einem Wortgottesdienst durch Pastor Droste. Im Anschluss daran spielte die Party-Band 6th Avenue und brachte das Festzelt zum Beben.\u00a0 Folgende Sch\u00fctzenbr\u00fcder wurden\u2026","rel":"","context":"\u00c4hnlicher Beitrag","block_context":{"text":"\u00c4hnlicher Beitrag","link":""},"img":{"alt_text":"2022 - Yvonne und Olaf Nega, Foto: Klaus G\u00f6dde","src":"https:\/\/i0.wp.com\/www.hubertus-schuetzenverein.de\/wp-content\/uploads\/2022\/08\/koenig_2022-scaled.jpg?resize=350%2C200&ssl=1","width":350,"height":200,"srcset":"https:\/\/i0.wp.com\/www.hubertus-schuetzenverein.de\/wp-content\/uploads\/2022\/08\/koenig_2022-scaled.jpg?resize=350%2C200&ssl=1 1x, https:\/\/i0.wp.com\/www.hubertus-schuetzenverein.de\/wp-content\/uploads\/2022\/08\/koenig_2022-scaled.jpg?resize=525%2C300&ssl=1 1.5x, https:\/\/i0.wp.com\/www.hubertus-schuetzenverein.de\/wp-content\/uploads\/2022\/08\/koenig_2022-scaled.jpg?resize=700%2C400&ssl=1 2x, https:\/\/i0.wp.com\/www.hubertus-schuetzenverein.de\/wp-content\/uploads\/2022\/08\/koenig_2022-scaled.jpg?resize=1050%2C600&ssl=1 3x, https:\/\/i0.wp.com\/www.hubertus-schuetzenverein.de\/wp-content\/uploads\/2022\/08\/koenig_2022-scaled.jpg?resize=1400%2C800&ssl=1 4x"},"classes":[]},{"id":5756,"url":"https:\/\/www.hubertus-schuetzenverein.de\/?page_id=5756","url_meta":{"origin":4092,"position":2},"title":"2018","author":"Thorsten","date":"November 11, 2019","format":false,"excerpt":"Matthias R\u00f6ttering regiert den Kongo! Der Hubertus Sch\u00fctzenverein Salzbergen e. V. feierte vom 11.-13. August sein 53. Sch\u00fctzenfest. Der Samstag stand ganz im Zeichen eines z\u00fcnftigen Musikabends. Erst traf man sich mit Pastor Droste zu einem Wortgottesdienst, danach spielte die Spitzen- Liveband Holy Moly und brachte das Festzelt zum beben.\u2026","rel":"","context":"\u00c4hnlicher Beitrag","block_context":{"text":"\u00c4hnlicher Beitrag","link":""},"img":{"alt_text":"2018 - Mareike Egbers & Matthias R\u00f6ttering","src":"https:\/\/i0.wp.com\/www.hubertus-schuetzenverein.de\/wp-content\/uploads\/2018\/08\/koenigspaar_2018_klein.jpg?resize=350%2C200&ssl=1","width":350,"height":200,"srcset":"https:\/\/i0.wp.com\/www.hubertus-schuetzenverein.de\/wp-content\/uploads\/2018\/08\/koenigspaar_2018_klein.jpg?resize=350%2C200&ssl=1 1x, https:\/\/i0.wp.com\/www.hubertus-schuetzenverein.de\/wp-content\/uploads\/2018\/08\/koenigspaar_2018_klein.jpg?resize=525%2C300&ssl=1 1.5x, https:\/\/i0.wp.com\/www.hubertus-schuetzenverein.de\/wp-content\/uploads\/2018\/08\/koenigspaar_2018_klein.jpg?resize=700%2C400&ssl=1 2x"},"classes":[]},{"id":292,"url":"https:\/\/www.hubertus-schuetzenverein.de\/?page_id=292","url_meta":{"origin":4092,"position":3},"title":"2016","author":"Thorsten","date":"Juni 20, 2017","format":false,"excerpt":"Thomas Altevolmer ist der neue K\u00f6nig im Kongo Der Hubertus \u2013 Sch\u00fctzenverein Salzbergen e. V. feierte vom 13.-15. August sein 51. Sch\u00fctzenfest. Der Samstag stand ganz im Zeichen eines Wachejubelfestes. Die Kongo-Wache feierte ihr 25-j\u00e4hriges Bestehen. Hier gelang es Fabian Altevolmer der 3. Jugendsch\u00fctzenk\u00f6nig in Salzbergen zu werden. Am Sonntagnachmittag\u2026","rel":"","context":"\u00c4hnlicher Beitrag","block_context":{"text":"\u00c4hnlicher Beitrag","link":""},"img":{"alt_text":"Saskia Altemeyer und Fabian Altevolmer, Reinhild und Thomas Altevolmer, Helga und Hermann Struffert ","src":"https:\/\/i0.wp.com\/www.hubertus-schuetzenverein.de\/wp-content\/uploads\/2017\/06\/alle_koenige_2016-300x200.jpg?resize=350%2C200","width":350,"height":200},"classes":[]},{"id":3553,"url":"https:\/\/www.hubertus-schuetzenverein.de\/?page_id=3553","url_meta":{"origin":4092,"position":4},"title":"2013","author":"Thorsten","date":"Juni 29, 2017","format":false,"excerpt":"Pressbericht 2013 Der Hubertus \u2013 Sch\u00fctzenverein Salzbergen e. V. feierte vom 10. \u2013 12. August sein 48.Sch\u00fctzenfest. Der Samstag stand ganz im Zeichen eines z\u00fcnftigen Musikabends. Erst traf man sich mit Pastor Droste zu einem Wortgottesdienst danach spielte DJ SKYLINEMUSIC Hits vom Plattenteller und weiter sp\u00e4ter wurde abgerockt mit der\u2026","rel":"","context":"\u00c4hnlicher Beitrag","block_context":{"text":"\u00c4hnlicher Beitrag","link":""},"img":{"alt_text":"","src":"https:\/\/i0.wp.com\/wordpress.hubertus-schuetzenverein.de\/wp-content\/uploads\/2017\/06\/presse-2013-300x200.jpg?resize=350%2C200","width":350,"height":200},"classes":[]},{"id":9124,"url":"https:\/\/www.hubertus-schuetzenverein.de\/?page_id=9124","url_meta":{"origin":4092,"position":5},"title":"Pressebericht Sch\u00fctzenfest 2025","author":"Thorsten","date":"August 14, 2025","format":false,"excerpt":"Niels Finke neuer K\u00f6nig des Hubertus Sch\u00fctzenvereins Der Hubertus Sch\u00fctzenverein Salzbergen e. V. feierte vom 09.-11. August sein 60. Sch\u00fctzenfest. Er\u00f6ffnet wurde das Sch\u00fctzenfest am Samstagabend wie \u00fcblich mit einem Wortgottesdienst durch Pastor Droste. Im Anschluss daran fand die gro\u00dfe Zeltparty mit dem DJ-Team \u201eXplosion\u201c statt, welches bis in die\u2026","rel":"","context":"\u00c4hnlicher Beitrag","block_context":{"text":"\u00c4hnlicher Beitrag","link":""},"img":{"alt_text":"2025 - Niels und Melanie Finke","src":"https:\/\/i0.wp.com\/www.hubertus-schuetzenverein.de\/wp-content\/uploads\/2025\/08\/HubertusKoenigspaar_2025-scaled.jpg?resize=350%2C200","width":350,"height":200,"srcset":"https:\/\/i0.wp.com\/www.hubertus-schuetzenverein.de\/wp-content\/uploads\/2025\/08\/HubertusKoenigspaar_2025-scaled.jpg?resize=350%2C200 1x, https:\/\/i0.wp.com\/www.hubertus-schuetzenverein.de\/wp-content\/uploads\/2025\/08\/HubertusKoenigspaar_2025-scaled.jpg?resize=525%2C300 1.5x, https:\/\/i0.wp.com\/www.hubertus-schuetzenverein.de\/wp-content\/uploads\/2025\/08\/HubertusKoenigspaar_2025-scaled.jpg?resize=700%2C400 2x, https:\/\/i0.wp.com\/www.hubertus-schuetzenverein.de\/wp-content\/uploads\/2025\/08\/HubertusKoenigspaar_2025-scaled.jpg?resize=1050%2C600 3x, https:\/\/i0.wp.com\/www.hubertus-schuetzenverein.de\/wp-content\/uploads\/2025\/08\/HubertusKoenigspaar_2025-scaled.jpg?resize=1400%2C800 4x"},"classes":[]}],"_links":{"self":[{"href":"https:\/\/www.hubertus-schuetzenverein.de\/index.php?rest_route=\/wp\/v2\/pages\/4092","targetHints":{"allow":["GET"]}}],"collection":[{"href":"https:\/\/www.hubertus-schuetzenverein.de\/index.php?rest_route=\/wp\/v2\/pages"}],"about":[{"href":"https:\/\/www.hubertus-schuetzenverein.de\/index.php?rest_route=\/wp\/v2\/types\/page"}],"author":[{"embeddable":true,"href":"https:\/\/www.hubertus-schuetzenverein.de\/index.php?rest_route=\/wp\/v2\/users\/1"}],"replies":[{"embeddable":true,"href":"https:\/\/www.hubertus-schuetzenverein.de\/index.php?rest_route=%2Fwp%2Fv2%2Fcomments&post=4092"}],"version-history":[{"count":8,"href":"https:\/\/www.hubertus-schuetzenverein.de\/index.php?rest_route=\/wp\/v2\/pages\/4092\/revisions"}],"predecessor-version":[{"id":7692,"href":"https:\/\/www.hubertus-schuetzenverein.de\/index.php?rest_route=\/wp\/v2\/pages\/4092\/revisions\/7692"}],"up":[{"embeddable":true,"href":"https:\/\/www.hubertus-schuetzenverein.de\/index.php?rest_route=\/wp\/v2\/pages\/2458"}],"wp:attachment":[{"href":"https:\/\/www.hubertus-schuetzenverein.de\/index.php?rest_route=%2Fwp%2Fv2%2Fmedia&parent=4092"}],"curies":[{"name":"wp","href":"https:\/\/api.w.org\/{rel}","templated":true}]}}