{"id":3545,"date":"2017-06-29T11:47:17","date_gmt":"2017-06-29T11:47:17","guid":{"rendered":"http:\/\/wordpress.hubertus-schuetzenverein.de\/?page_id=3545"},"modified":"2017-06-29T11:47:17","modified_gmt":"2017-06-29T11:47:17","slug":"2010-2","status":"publish","type":"page","link":"https:\/\/www.hubertus-schuetzenverein.de\/?page_id=3545","title":{"rendered":"2010"},"content":{"rendered":"<h2>Pressebericht 2010<\/h2>\n<figure id=\"attachment_168\" aria-describedby=\"caption-attachment-168\" style=\"width: 300px\" class=\"wp-caption alignright\"><a href=\"https:\/\/i0.wp.com\/wordpress.hubertus-schuetzenverein.de\/wp-content\/uploads\/2017\/06\/presse2010.jpg\"><img data-recalc-dims=\"1\" loading=\"lazy\" decoding=\"async\" class=\"wp-image-168 size-medium\" src=\"https:\/\/i0.wp.com\/wordpress.hubertus-schuetzenverein.de\/wp-content\/uploads\/2017\/06\/presse2010-300x200.jpg?resize=300%2C200\" alt=\"v.l. Vorjahresk\u00f6nig Helmut und Karola Siepker + Klaus Becke und Heike Humpack - Andreas Sattler \u00a9 2010\" width=\"300\" height=\"200\" srcset=\"https:\/\/i0.wp.com\/www.hubertus-schuetzenverein.de\/wp-content\/uploads\/2017\/06\/presse2010.jpg?resize=300%2C200&amp;ssl=1 300w, https:\/\/i0.wp.com\/www.hubertus-schuetzenverein.de\/wp-content\/uploads\/2017\/06\/presse2010.jpg?w=675&amp;ssl=1 675w\" sizes=\"auto, (max-width: 300px) 100vw, 300px\" \/><\/a><figcaption id=\"caption-attachment-168\" class=\"wp-caption-text\">v.l. Vorjahresk\u00f6nig Helmut und Karola Siepker + Klaus Becke und Heike Humpack &#8211; Andreas Sattler \u00a9 2010<\/figcaption><\/figure>\n<p>Klaus Becke ist K\u00f6nig in Salzbergen<\/p>\n<p>Neuer K\u00f6nig des Hubertus-Sch\u00fctzenvereins Salzbergen ist Klaus Becke. Er \u00fcbernahm die Regentschaft vom Vorjahresk\u00f6nig Helmut Siepker. Beim Kindersch\u00fctzenfest holte Eric Kre\u00dfner die Kinderk\u00f6nigsw\u00fcrde, Juliane M\u00fclder wurde Kinderk\u00f6nigin. Am Sonntagnachmittag wurden Andreas Stein, Heinz Haumer, J\u00fcrgen Kestering und Andreas Kestering f\u00fcr 25 Jahre Mitgliedschfaft geehrt. Weitere Ehrungen erhielten Michael B\u00fcnker und Thomas Scheepers f\u00fcr zehnj\u00e4hrige Mitarbeit im Vorstand. Franz Reckers (zehn Jahre Schie\u00dfwart) und Christain Fissbeck (Wachek\u00f6nig 2009). Das Plakettenschie\u00dfen ergab folgendes Ergebnis: Altersgruppe bis 35 Jahre, Gold Thorsten Raatgering, Silber Timo Determann, Bronze Michael B\u00fcnker. Altersgruppe \u00fcber 35 Jahre, Gold Franz Reckers, Silber Thomas Scheepers, Bronze Michael Niemeyer.<\/p>\n<h2>Jahresr\u00fcckblick 2010<\/h2>\n<ol>\n<li>Das Ortspokalturnier im Schie\u00dfen fand in diesem Jahr am 20.02.2010 statt. Unsere Mannschaft um Thomas Scheepers, Franz Reckers und Andreas Reckers belegte mit 291,2 Ringen den 2. Platz. Bei den Einzelsch\u00fctzen errang Franz Reckers mit 101,5 Ringen den 1. Platz.<\/li>\n<li>Unser Doppelkopfturnier veranstalteten wir zusammen mit dem Sch\u00fctzenverein Steide am 12.03.2010 im Dorfgemeinschaftshaus in Steide. Obwohl keiner unserer Sch\u00fctzen einen der vorderen Pl\u00e4tze belegen konnte war der Abend doch ein voller Erfolg.<\/li>\n<li>Bei optimalem Fahrradwetter trafen wir uns am 05.06.2010 zu unserer Radtour \u201eFahrt ins Blaue\u201c. Die zahlreichen Teilnehmer konnten w\u00e4hrend der Tour das sch\u00f6ne Salzbergener Umland genie\u00dfen, zum Abschluss am Steider Festplatz waren erneut W\u00fcrstchen und Pommes, sowie nat\u00fcrlich gek\u00fchlte Getr\u00e4nke ein Genuss.<\/li>\n<li>Das diesj\u00e4hrige Sch\u00fctzenfest feierten wir in der Zeit vom 07.08.2010 bis 10.08.2010 auf unserem Festplatz an der D\u00fcnnstra\u00dfe. Unsere Kleinsten er\u00f6ffneten am Samstagnachmittag mit dem Kindersch\u00fctzenfest das Wochenende und vergn\u00fcgten sich bei tollen Spielen, Kutschfahrten und leckerem Eis. Kindersch\u00fctzenk\u00f6nig wurde Eric Kre\u00dfner, zur K\u00f6nigin w\u00e4hlte er Juliane M\u00fclder. Ab 20 Uhr heizten dann die Vechtetalmusikanten mit ihrer tollen Blasmusik den zahlreichen G\u00e4sten m\u00e4chtig ein, die dann im Anschluss mit der Band finity bis in den fr\u00fchen Morgen abrocken konnten. Das Antreten zum Festumzug am Sonntagnachmittag fand wie gewohnt am Festplatz statt. Nachdem Michael B\u00fcnker und Thonas Scheepers f\u00fcr 10-j\u00e4hrige Vorstandsarbeit sowie Franz Reckers f\u00fcr 10 Jahre Schie\u00dfwart geehrt wurden, freuten sich alle G\u00e4ste bei reichlich Kaffee und Kuchen \u00fcber die tollen Preise, die bei der gro\u00dfen Verlosung zu gewinnen waren. F\u00fcr die musikalische Unterhaltung sorgte in gewohnter Manier der Musikverein Salzbergen. Mit dem D\u00e4mmerschoppen klang der Sonntag aus. Zum Kirchgang mit anschlie\u00dfender Kranzniederlegung am Kriegerdenkmal traten am Montagmorgen erneut zahlreiche Sch\u00fctzen an. Nach dem kurzen Tankstopp beim B\u00fcrgermeister freuten sich alle Sch\u00fctzen auf das von den K\u00f6nigsnachbarsfrauen vorbereitete Fr\u00fchst\u00fcck. Frisch gest\u00e4rkt konnten sie sich so einem H\u00f6hepunkt des Festes, dem K\u00f6nigs- und Plakettenschie\u00dfen widmen. Nachdem Thorsten Raatgering und Franz Reckers die Vereinsmeistertitel errangen, richtete sich die Aufmerksamkeit der Sch\u00fctzen und der vielen G\u00e4ste dem K\u00f6nigschie\u00dfen. Lange wehrte sich der Vogel diesmal nicht, um sich dem zielsichersten Sch\u00fctzen geschlagen zu geben. Der gl\u00fcckliche K\u00f6nigssch\u00fctze hie\u00df Klaus Becke. Spontan erkor er Heike Humpak zu seiner K\u00f6nigin. Beim K\u00f6nigsball mit den Black Horses war die Stimmung erneut gro\u00dfartig. Singend und tanzend wurde bis in die Morgenstunden gefeiert.<\/li>\n<li>Mit dem traditionellen Kehraus endete unser Sch\u00fctzenfest am Dienstag<\/li>\n<\/ol>\n","protected":false},"excerpt":{"rendered":"<p>Pressebericht 2010 Klaus Becke ist K\u00f6nig in Salzbergen Neuer K\u00f6nig des Hubertus-Sch\u00fctzenvereins Salzbergen ist Klaus Becke. Er \u00fcbernahm die Regentschaft vom Vorjahresk\u00f6nig Helmut Siepker. Beim Kindersch\u00fctzenfest holte Eric Kre\u00dfner die Kinderk\u00f6nigsw\u00fcrde, Juliane M\u00fclder wurde Kinderk\u00f6nigin. Am Sonntagnachmittag wurden Andreas Stein, Heinz Haumer, J\u00fcrgen Kestering und Andreas Kestering f\u00fcr 25 Jahre Mitgliedschfaft geehrt. Weitere Ehrungen erhielten [&hellip;]<\/p>\n","protected":false},"author":1,"featured_media":0,"parent":2458,"menu_order":0,"comment_status":"closed","ping_status":"closed","template":"","meta":{"jetpack_post_was_ever_published":false,"footnotes":""},"class_list":["post-3545","page","type-page","status-publish","hentry","entry"],"jetpack_sharing_enabled":true,"jetpack_shortlink":"https:\/\/wp.me\/P8RsoT-Vb","jetpack-related-posts":[{"id":3547,"url":"https:\/\/www.hubertus-schuetzenverein.de\/?page_id=3547","url_meta":{"origin":3545,"position":0},"title":"2011","author":"Thorsten","date":"Juni 29, 2017","format":false,"excerpt":"Pressebericht 2011 Christoph Thiel schie\u00dft den Vogel von der Stange. Der Hubertus \u2013 Sch\u00fctzenverein Salzbergen e. V. feierte vom 13.-15. August sein 46. Sch\u00fctzenfest. Der Samstag stand ganz im Zeichen eines Wachejubelfestes, hier gelang es Daniel Cichon erster Jugendsch\u00fctzenk\u00f6nig zu werden. Nachmittags beim Kindersch\u00fctzenfest wurde David Seggering Kinderk\u00f6nig, Anna Focks\u2026","rel":"","context":"\u00c4hnlicher Beitrag","block_context":{"text":"\u00c4hnlicher Beitrag","link":""},"img":{"alt_text":"v. l. Vorjahresk\u00f6nig Klaus Becke mit Heike Humpack und den neuen K\u00f6nig Christoph Thiel mit seiner K\u00f6nigin Sandra Sterzik Klaus G\u00f6dde \u00a9 2011","src":"https:\/\/i0.wp.com\/wordpress.hubertus-schuetzenverein.de\/wp-content\/uploads\/2017\/06\/presse2011-300x258.jpg?resize=350%2C200","width":350,"height":200},"classes":[]},{"id":3561,"url":"https:\/\/www.hubertus-schuetzenverein.de\/?page_id=3561","url_meta":{"origin":3545,"position":1},"title":"2014","author":"Thorsten","date":"Juni 29, 2017","format":false,"excerpt":"Prinz Karneval jetzt auch Sch\u00fctzenk\u00f6nig Der Hubertus \u2013 Sch\u00fctzenverein Salzbergen e. V. feierte vom 09.-11. August sein j\u00e4hrliches Sch\u00fctzenfest. Der Samstag stand ganz im Zeichen eines z\u00fcnftigen Musikabends. Erst traf man sich mit Pastor Droste zu einem Wortgottesdienst danach spielte DJ SKYLINEMUSIC Hits vom Plattenteller und weiter sp\u00e4ter wurde abgerocktmit\u2026","rel":"","context":"\u00c4hnlicher Beitrag","block_context":{"text":"\u00c4hnlicher Beitrag","link":""},"img":{"alt_text":"K\u00f6nig Andreas und seine K\u00f6nigin Claudia Stein - Klaus G\u00f6dde \u00a92014 ","src":"https:\/\/i0.wp.com\/wordpress.hubertus-schuetzenverein.de\/wp-content\/uploads\/2017\/06\/Koenig_2014-200x300.jpg?resize=350%2C200","width":350,"height":200},"classes":[]},{"id":3542,"url":"https:\/\/www.hubertus-schuetzenverein.de\/?page_id=3542","url_meta":{"origin":3545,"position":2},"title":"2009","author":"Thorsten","date":"Juni 29, 2017","format":false,"excerpt":"Pressebericht 2009 Helmut Siepker ist neuer K\u00f6nig Helmut Siepker (rechts) ist neuer K\u00f6nig im Hubertus-Sch\u00fctzenverein Salzbergen. K\u00f6nigin ist Karola Siepker. Beim Kindersch\u00fctzenfest gelang es Alexander M\u00fclder, die Kinderk\u00f6nigsw\u00fcrde zu erringen, Julia van der Zee wurde Kinderk\u00f6nigin. Geehrt wurden Stefan D\u00fctz, Helmut Harmann, Stefan Thiel, Heinz Thien, Michael Twilling, Rolf Effner,\u2026","rel":"","context":"\u00c4hnlicher Beitrag","block_context":{"text":"\u00c4hnlicher Beitrag","link":""},"img":{"alt_text":"v.l. Das alte K\u00f6nigspaar Matthias B\u00fcnker und Heike Th\u00fcnemann + Helmut und Karola Siepker - Th\u00fcnemann \u00a9 2009","src":"https:\/\/i0.wp.com\/wordpress.hubertus-schuetzenverein.de\/wp-content\/uploads\/2017\/06\/presse2009-300x240.jpg?resize=350%2C200","width":350,"height":200},"classes":[]},{"id":49,"url":"https:\/\/www.hubertus-schuetzenverein.de\/?page_id=49","url_meta":{"origin":3545,"position":3},"title":"Historie der K\u00f6nigspaare (1965-heute)","author":"Thorsten","date":"Juni 15, 2017","format":false,"excerpt":"2025 - Niels und Melanie Finke 2024 - Pascal Elling und Helen K\u00fcnnemann 2023 - Jonas Thiel und Diana Melnik 2022 - Yvonne und Olaf Nega 2019 - Gudrun und Reiner Thale 2018 - Mareike Egbers & Matthias R\u00f6ttering 2017 - Bianka & J\u00f6rg Sch\u00fcring 2016 - Reinhild & Thomas\u2026","rel":"","context":"\u00c4hnlicher Beitrag","block_context":{"text":"\u00c4hnlicher Beitrag","link":""},"img":{"alt_text":"2025 - Niels und Melanie Finke","src":"https:\/\/i0.wp.com\/www.hubertus-schuetzenverein.de\/wp-content\/uploads\/2025\/08\/HubertusKoenigspaar_2025-scaled.jpg?resize=350%2C200","width":350,"height":200,"srcset":"https:\/\/i0.wp.com\/www.hubertus-schuetzenverein.de\/wp-content\/uploads\/2025\/08\/HubertusKoenigspaar_2025-scaled.jpg?resize=350%2C200 1x, https:\/\/i0.wp.com\/www.hubertus-schuetzenverein.de\/wp-content\/uploads\/2025\/08\/HubertusKoenigspaar_2025-scaled.jpg?resize=525%2C300 1.5x, https:\/\/i0.wp.com\/www.hubertus-schuetzenverein.de\/wp-content\/uploads\/2025\/08\/HubertusKoenigspaar_2025-scaled.jpg?resize=700%2C400 2x, https:\/\/i0.wp.com\/www.hubertus-schuetzenverein.de\/wp-content\/uploads\/2025\/08\/HubertusKoenigspaar_2025-scaled.jpg?resize=1050%2C600 3x, https:\/\/i0.wp.com\/www.hubertus-schuetzenverein.de\/wp-content\/uploads\/2025\/08\/HubertusKoenigspaar_2025-scaled.jpg?resize=1400%2C800 4x"},"classes":[]},{"id":3550,"url":"https:\/\/www.hubertus-schuetzenverein.de\/?page_id=3550","url_meta":{"origin":3545,"position":4},"title":"2012","author":"Thorsten","date":"Juni 29, 2017","format":false,"excerpt":"Pressebericht 2012 Cichon ist neuer K\u00f6nig in Salzbergen Der Hubertus \u2013 Sch\u00fctzenverein Salzbergen e. V. feierte vom 11. \u2013 13. August sein 47. Sch\u00fctzenfest. Der Samstag stand ganz im Zeichen eines z\u00fcnftigen Musikabends. Man traf sich bei z\u00fcnftiger Blasmusik mit den Vechtetalmusikanten und weiter sp\u00e4ter mit \u201eFeeling\u201c zum ab rocken.\u2026","rel":"","context":"\u00c4hnlicher Beitrag","block_context":{"text":"\u00c4hnlicher Beitrag","link":""},"img":{"alt_text":"v. l. K\u00f6nig Bj\u00f6rn Cichon mit Conny Mahl und den Vorjahresk\u00f6nig Christoph Thiel mit K\u00f6nigin Sandra Sterzik - Klaus G\u00f6dde\u00a0\u00a9 2012","src":"https:\/\/i0.wp.com\/wordpress.hubertus-schuetzenverein.de\/wp-content\/uploads\/2017\/06\/presse2012-294x300.jpg?resize=350%2C200","width":350,"height":200},"classes":[]},{"id":292,"url":"https:\/\/www.hubertus-schuetzenverein.de\/?page_id=292","url_meta":{"origin":3545,"position":5},"title":"2016","author":"Thorsten","date":"Juni 20, 2017","format":false,"excerpt":"Thomas Altevolmer ist der neue K\u00f6nig im Kongo Der Hubertus \u2013 Sch\u00fctzenverein Salzbergen e. V. feierte vom 13.-15. August sein 51. Sch\u00fctzenfest. Der Samstag stand ganz im Zeichen eines Wachejubelfestes. Die Kongo-Wache feierte ihr 25-j\u00e4hriges Bestehen. Hier gelang es Fabian Altevolmer der 3. Jugendsch\u00fctzenk\u00f6nig in Salzbergen zu werden. Am Sonntagnachmittag\u2026","rel":"","context":"\u00c4hnlicher Beitrag","block_context":{"text":"\u00c4hnlicher Beitrag","link":""},"img":{"alt_text":"Saskia Altemeyer und Fabian Altevolmer, Reinhild und Thomas Altevolmer, Helga und Hermann Struffert ","src":"https:\/\/i0.wp.com\/www.hubertus-schuetzenverein.de\/wp-content\/uploads\/2017\/06\/alle_koenige_2016-300x200.jpg?resize=350%2C200","width":350,"height":200},"classes":[]}],"_links":{"self":[{"href":"https:\/\/www.hubertus-schuetzenverein.de\/index.php?rest_route=\/wp\/v2\/pages\/3545","targetHints":{"allow":["GET"]}}],"collection":[{"href":"https:\/\/www.hubertus-schuetzenverein.de\/index.php?rest_route=\/wp\/v2\/pages"}],"about":[{"href":"https:\/\/www.hubertus-schuetzenverein.de\/index.php?rest_route=\/wp\/v2\/types\/page"}],"author":[{"embeddable":true,"href":"https:\/\/www.hubertus-schuetzenverein.de\/index.php?rest_route=\/wp\/v2\/users\/1"}],"replies":[{"embeddable":true,"href":"https:\/\/www.hubertus-schuetzenverein.de\/index.php?rest_route=%2Fwp%2Fv2%2Fcomments&post=3545"}],"version-history":[{"count":1,"href":"https:\/\/www.hubertus-schuetzenverein.de\/index.php?rest_route=\/wp\/v2\/pages\/3545\/revisions"}],"predecessor-version":[{"id":3546,"href":"https:\/\/www.hubertus-schuetzenverein.de\/index.php?rest_route=\/wp\/v2\/pages\/3545\/revisions\/3546"}],"up":[{"embeddable":true,"href":"https:\/\/www.hubertus-schuetzenverein.de\/index.php?rest_route=\/wp\/v2\/pages\/2458"}],"wp:attachment":[{"href":"https:\/\/www.hubertus-schuetzenverein.de\/index.php?rest_route=%2Fwp%2Fv2%2Fmedia&parent=3545"}],"curies":[{"name":"wp","href":"https:\/\/api.w.org\/{rel}","templated":true}]}}