{"id":3536,"date":"2017-06-29T05:18:28","date_gmt":"2017-06-29T05:18:28","guid":{"rendered":"http:\/\/wordpress.hubertus-schuetzenverein.de\/?page_id=3536"},"modified":"2017-06-29T05:19:36","modified_gmt":"2017-06-29T05:19:36","slug":"2007-2","status":"publish","type":"page","link":"https:\/\/www.hubertus-schuetzenverein.de\/?page_id=3536","title":{"rendered":"2007"},"content":{"rendered":"<h2>Pressebericht 2007<\/h2>\n<p>&nbsp;<\/p>\n<figure id=\"attachment_165\" aria-describedby=\"caption-attachment-165\" style=\"width: 300px\" class=\"wp-caption alignright\"><a href=\"https:\/\/i0.wp.com\/wordpress.hubertus-schuetzenverein.de\/wp-content\/uploads\/2017\/06\/presse2007.jpg\"><img data-recalc-dims=\"1\" loading=\"lazy\" decoding=\"async\" class=\"wp-image-165 size-medium\" src=\"https:\/\/i0.wp.com\/wordpress.hubertus-schuetzenverein.de\/wp-content\/uploads\/2017\/06\/presse2007-300x200.jpg?resize=300%2C200\" alt=\"v.l. Vorjahres K\u00f6nig Manfred Leschinski und Petra Leschinski + neuer K\u00f6nig Rolf Effner mit seiner Frau Angelika - Klaus G\u00f6dde \u00a9 2007\" width=\"300\" height=\"200\" srcset=\"https:\/\/i0.wp.com\/www.hubertus-schuetzenverein.de\/wp-content\/uploads\/2017\/06\/presse2007.jpg?resize=300%2C200&amp;ssl=1 300w, https:\/\/i0.wp.com\/www.hubertus-schuetzenverein.de\/wp-content\/uploads\/2017\/06\/presse2007.jpg?w=563&amp;ssl=1 563w\" sizes=\"auto, (max-width: 300px) 100vw, 300px\" \/><\/a><figcaption id=\"caption-attachment-165\" class=\"wp-caption-text\">v.l. Vorjahres K\u00f6nig Manfred Leschinski und Petra Leschinski + neuer K\u00f6nig Rolf Effner mit seiner Frau Angelika &#8211; Klaus G\u00f6dde \u00a9 2007<\/figcaption><\/figure>\n<p>K\u00f6nig Rolf regiert!<\/p>\n<p>Der Hubertus \u2013 Sch\u00fctzenverein Salzbergen e. V. feierte vom 11.-13. August sein 42. Sch\u00fctzenfest. Der Samstag stand ganz im Zeichen der Jugend. Nachmittags beim Kindersch\u00fctzenfest gelang es Hannes Seggering die Kinderk\u00f6nigsw\u00fcrde zu erringen, Svenja Kestering wurde Kinderk\u00f6nigin. Abends traf sich die Jugend beim Tanz mit der Spitzenband \u201efinity\u201c. Am Sonntagnachmittag wurden Ludger Veerkamp und Franz Brink f\u00fcr 25 Jahre Mitgliedschaft geehrt. Weitere Ehrungen folgten am Montag f\u00fcr das Plakettenschie\u00dfen \u2013 Altersgruppe bis 35 Jahre, Gold Marco Thien, Silber Matthias R\u00f6ttering, Bronze Stefan Busch. Altersgruppe \u00fcber 35 Jahre, Gold Franz Reckers, Silber J\u00fcrgen Kestering, Bronze Hans Revermann. Wie jedes Jahr wurde dann auch am Montag der neue K\u00f6nig gekr\u00f6nt. Rolf Effner war der gl\u00fcckliche Sch\u00fctze und \u00fcbernahm die Regentschaft vom Vorjahresk\u00f6nig Manfred Leschinski. Die Kr\u00f6nung des Sch\u00fctzenfestes war zweifelsohne der K\u00f6nigsball am Montagabend mit der Stimmungsband \u201eBlack Horses\u201c.<\/p>\n<p>&nbsp;<\/p>\n<h2>Jahresr\u00fcckblick 2007<\/h2>\n<ol>\n<li>Beim Ortspokalturnier am 24.02.2007 belegte die 2. Mannschaft (Manfred Wilde, Andreas Reckers, J\u00fcrgen Kestering) des Hubertus-Sch\u00fctzenvereins mit 294,9 Ringen den 2. Platz. Bester Einzelsch\u00fctze des Wettbewerbs wurde unser Sch\u00fctzenbruder Manfred Wilde mit 102,3 Ringen.<\/li>\n<li>Die Doppelkopfturniere fanden in diesem Jahr am 06.03. und am 29.03.2007 in der Gastst\u00e4tte Lammers statt. Die Teilnehmer konnten ihrem spielerischen Geschick entsprechend attraktive Preise gewinnen.<\/li>\n<li>Unser Verein war als Gast zu zwei Jubelfesten geladen: am 27.05.2007 beim Sch\u00fctzenverein Venhaus und am 10.06.2007 beim Sch\u00fctzenverein Neumehringen. Wie in den vergangenen Jahren auch, war die Beteiligung am Jubelfest in Venhaus eher m\u00e4\u00dfig. Bis auf die Pferde der K\u00f6nigskutsche, die sich bereits verabschiedeten bevor es eigentlich erst los ging, feierten die mitgereisten ein tolles Fest.<\/li>\n<li>Das Jubelfest in Neumehringen wollten sich allerdings wesentlich weniger Sch\u00fctzenbr\u00fcder entgehen lassen, so dass dort bei h\u00f6chst sommerlichen Temperaturen lang und ausgiebig gefeiert wurde.<\/li>\n<li>Bei optimalem Fahrradwetter trafen wir uns am 02.06.2007 zu unserer Radtour \u201eFahrt ins Blaue\u201c. Die zahlreichen Teilnehmer konnten w\u00e4hrend der Tour das sch\u00f6ne Salzbergener Umland genie\u00dfen, zum Abschluss am Steider Festplatz waren erneut W\u00fcrstchen und Pommes, sowie nat\u00fcrlich gek\u00fchlte Getr\u00e4nke ein Genuss.<\/li>\n<li>Den H\u00f6hepunkt des Jahrs, unser Sch\u00fctzenfest, feierten wir vom 11.08.2007 bis 14.08.2007 auf unserem Festplatz an der D\u00fcnnstra\u00dfe. Sehr viele Kinder er\u00f6ffneten am Samstagnachmittag mit dem Kindersch\u00fctzenfest das Wochenende und vergn\u00fcgten sich bei tollen Spielen, Kutschfahrten und leckerem Eis.\u00a0Am Abend mussten die Eltern und Kinder jedoch wieder den Jugendlichen Platz machen, die zusammen mit der Band Finity bis zum Morgengrauen ein rauschendes Fest feierten. Trotz k\u00fchlem Wetter und vielleicht deshalb wenig verkaufter Karten lie\u00dfen die anwesenden den Kongo erneut beben. Wie gewohnt fand das Antreten zum Festumzug am Sonntag bei der Gastst\u00e4tte Lammers statt. Nach den Ehrungen f\u00fcr 25-j\u00e4hrige Mitgliedschaft fand die gro\u00dfe Tombola bei reichlich Kaffee und Kuchen auf dem Festzelt statt. F\u00fcr die musikalische Untermalung sorgte erneut der Musikverein Salzbergen. Mit dem D\u00e4mmerschoppen klang der Sonntag aus. Am Montagmorgen fanden sich 140 Sch\u00fctzen am Festplatz ein, um gemeinsam den Kirchgang anzutreten. Nach der Kranzniederlegung und dem kurzen \u201eauftanken\u201c beim Gemeindedirektor ging es zur\u00fcck zum Festzelt, um das von den K\u00f6nigsnachbarsfrauen vorbereitete Fr\u00fchst\u00fcck einzunehmen. Frisch gest\u00e4rkt konnte so zum eigentlichen H\u00f6hepunkt, dem K\u00f6nigs- und Plakettenschie\u00dfen \u00fcbergegangen werden. Anders als in den letzten Jahren, in denen sich neben den Sch\u00fctzen auch der Vogel hartn\u00e4ckig zeigte, hatte der Vogel bereits nach knapp zwei Stunden die Nase voll und viel Rolf Effner nach zahlreichen gezielten Sch\u00fcssen vor die F\u00fc\u00dfe. Ohne z\u00f6gern erkor er seine Frau Angelika zur K\u00f6nigin. Beim K\u00f6nigsball mit den Black Horses war die Stimmung erneut gro\u00dfartig. Singend, tanzend und Gitarre spielend wurde bis in die Morgenstunden gefeiert.<\/li>\n<li>Das Sch\u00fctzenfest endete am Dienstag mit dem traditionellen Kehraus.<\/li>\n<li>Zur Kranzniederlegung am Volkstrauertag nahmen auch in diesem Jahr nur wenige Vereinsmitglieder teil.<\/li>\n<\/ol>\n","protected":false},"excerpt":{"rendered":"<p>Pressebericht 2007 &nbsp; K\u00f6nig Rolf regiert! Der Hubertus \u2013 Sch\u00fctzenverein Salzbergen e. V. feierte vom 11.-13. August sein 42. Sch\u00fctzenfest. Der Samstag stand ganz im Zeichen der Jugend. Nachmittags beim Kindersch\u00fctzenfest gelang es Hannes Seggering die Kinderk\u00f6nigsw\u00fcrde zu erringen, Svenja Kestering wurde Kinderk\u00f6nigin. Abends traf sich die Jugend beim Tanz mit der Spitzenband \u201efinity\u201c. Am [&hellip;]<\/p>\n","protected":false},"author":1,"featured_media":0,"parent":2458,"menu_order":0,"comment_status":"closed","ping_status":"closed","template":"","meta":{"jetpack_post_was_ever_published":false,"footnotes":""},"class_list":["post-3536","page","type-page","status-publish","hentry","entry"],"jetpack_sharing_enabled":true,"jetpack_shortlink":"https:\/\/wp.me\/P8RsoT-V2","jetpack-related-posts":[{"id":2486,"url":"https:\/\/www.hubertus-schuetzenverein.de\/?page_id=2486","url_meta":{"origin":3536,"position":0},"title":"2006","author":"Thorsten","date":"Juni 27, 2017","format":false,"excerpt":"Pressebericht 2006 K\u00f6nig Manfred regiert Der Hubertus-Sch\u00fctzenverein Salzbergen rundet mit seinem Sch\u00fctzenfest die zahlreichen Feste in diesem Jahr ab. Sch\u00fctzenk\u00f6nig wurde ManfredLeschinski, der seine Frau Petra zur K\u00f6nigin erkor. Kindersch\u00fctzenk\u00f6nig wurde Hendrik Schmackers, der Louisa Roters zur K\u00f6nigin erkor. Neben drei Ehrungen f\u00fcr 25-j\u00e4hrige Mitgliedschaft erhielt Manfred Wilde einen Orden\u2026","rel":"","context":"\u00c4hnlicher Beitrag","block_context":{"text":"\u00c4hnlicher Beitrag","link":""},"img":{"alt_text":"","src":"https:\/\/i0.wp.com\/wordpress.hubertus-schuetzenverein.de\/wp-content\/uploads\/2017\/06\/presse2006-225x300.jpg?resize=350%2C200","width":350,"height":200},"classes":[]},{"id":8688,"url":"https:\/\/www.hubertus-schuetzenverein.de\/?page_id=8688","url_meta":{"origin":3536,"position":1},"title":"2024","author":"Thorsten","date":"August 19, 2024","format":false,"excerpt":"Pascal Elling neuer K\u00f6nig bei den Hubertus Sch\u00fctzen Der Hubertus Sch\u00fctzenverein Salzbergen e. V. feierte vom 10.-12. August sein 59. Sch\u00fctzenfest. Er\u00f6ffnet wurde das Sch\u00fctzenfest am Samstagabend wie \u00fcblich mit einem Wortgottesdienst durch Pastor Droste. Im Anschluss daran fand die gro\u00dfe Zeltparty mit dem DJ-Team \u201eXplosion\u201c statt, welches bis in\u2026","rel":"","context":"\u00c4hnlicher Beitrag","block_context":{"text":"\u00c4hnlicher Beitrag","link":""},"img":{"alt_text":"2024 - Pascal Elling und Helen K\u00fcnnemann","src":"https:\/\/i0.wp.com\/www.hubertus-schuetzenverein.de\/wp-content\/uploads\/2024\/08\/HubertusKoenigspaar_2024-scaled.jpg?resize=350%2C200","width":350,"height":200,"srcset":"https:\/\/i0.wp.com\/www.hubertus-schuetzenverein.de\/wp-content\/uploads\/2024\/08\/HubertusKoenigspaar_2024-scaled.jpg?resize=350%2C200 1x, https:\/\/i0.wp.com\/www.hubertus-schuetzenverein.de\/wp-content\/uploads\/2024\/08\/HubertusKoenigspaar_2024-scaled.jpg?resize=525%2C300 1.5x, https:\/\/i0.wp.com\/www.hubertus-schuetzenverein.de\/wp-content\/uploads\/2024\/08\/HubertusKoenigspaar_2024-scaled.jpg?resize=700%2C400 2x, https:\/\/i0.wp.com\/www.hubertus-schuetzenverein.de\/wp-content\/uploads\/2024\/08\/HubertusKoenigspaar_2024-scaled.jpg?resize=1050%2C600 3x, https:\/\/i0.wp.com\/www.hubertus-schuetzenverein.de\/wp-content\/uploads\/2024\/08\/HubertusKoenigspaar_2024-scaled.jpg?resize=1400%2C800 4x"},"classes":[]},{"id":3540,"url":"https:\/\/www.hubertus-schuetzenverein.de\/?page_id=3540","url_meta":{"origin":3536,"position":2},"title":"2008","author":"Thorsten","date":"Juni 29, 2017","format":false,"excerpt":"Pressebericht 2008 Matthias B\u00fcnker neuer Sch\u00fctzenk\u00f6nig Der Hubertus-Sch\u00fctzenverein Salzbergen feierte vom 09. \u2013 11.08.2008 sein Sch\u00fctzenfest. Feldwebel Matthias B\u00fcnker konnte sich erfolgreich gegen die Mitbewerber durchsetzen und \u00fcbernahm die Regentschaft von Rolf Effner. Zur K\u00f6nigin erkor er seine Freundin Heike Th\u00fcnemann. Malte Kunk gelang es, die Kinderk\u00f6nigsw\u00fcrde zu erringen, Kinderk\u00f6nigin\u2026","rel":"","context":"\u00c4hnlicher Beitrag","block_context":{"text":"\u00c4hnlicher Beitrag","link":""},"img":{"alt_text":"","src":"https:\/\/i0.wp.com\/wordpress.hubertus-schuetzenverein.de\/wp-content\/uploads\/2017\/06\/presse2008-300x200.jpg?resize=350%2C200","width":350,"height":200},"classes":[]},{"id":3542,"url":"https:\/\/www.hubertus-schuetzenverein.de\/?page_id=3542","url_meta":{"origin":3536,"position":3},"title":"2009","author":"Thorsten","date":"Juni 29, 2017","format":false,"excerpt":"Pressebericht 2009 Helmut Siepker ist neuer K\u00f6nig Helmut Siepker (rechts) ist neuer K\u00f6nig im Hubertus-Sch\u00fctzenverein Salzbergen. K\u00f6nigin ist Karola Siepker. Beim Kindersch\u00fctzenfest gelang es Alexander M\u00fclder, die Kinderk\u00f6nigsw\u00fcrde zu erringen, Julia van der Zee wurde Kinderk\u00f6nigin. Geehrt wurden Stefan D\u00fctz, Helmut Harmann, Stefan Thiel, Heinz Thien, Michael Twilling, Rolf Effner,\u2026","rel":"","context":"\u00c4hnlicher Beitrag","block_context":{"text":"\u00c4hnlicher Beitrag","link":""},"img":{"alt_text":"v.l. Das alte K\u00f6nigspaar Matthias B\u00fcnker und Heike Th\u00fcnemann + Helmut und Karola Siepker - Th\u00fcnemann \u00a9 2009","src":"https:\/\/i0.wp.com\/wordpress.hubertus-schuetzenverein.de\/wp-content\/uploads\/2017\/06\/presse2009-300x240.jpg?resize=350%2C200","width":350,"height":200},"classes":[]},{"id":9124,"url":"https:\/\/www.hubertus-schuetzenverein.de\/?page_id=9124","url_meta":{"origin":3536,"position":4},"title":"Pressebericht Sch\u00fctzenfest 2025","author":"Thorsten","date":"August 14, 2025","format":false,"excerpt":"Niels Finke neuer K\u00f6nig des Hubertus Sch\u00fctzenvereins Der Hubertus Sch\u00fctzenverein Salzbergen e. V. feierte vom 09.-11. August sein 60. Sch\u00fctzenfest. Er\u00f6ffnet wurde das Sch\u00fctzenfest am Samstagabend wie \u00fcblich mit einem Wortgottesdienst durch Pastor Droste. Im Anschluss daran fand die gro\u00dfe Zeltparty mit dem DJ-Team \u201eXplosion\u201c statt, welches bis in die\u2026","rel":"","context":"\u00c4hnlicher Beitrag","block_context":{"text":"\u00c4hnlicher Beitrag","link":""},"img":{"alt_text":"2025 - Niels und Melanie Finke","src":"https:\/\/i0.wp.com\/www.hubertus-schuetzenverein.de\/wp-content\/uploads\/2025\/08\/HubertusKoenigspaar_2025-scaled.jpg?resize=350%2C200","width":350,"height":200,"srcset":"https:\/\/i0.wp.com\/www.hubertus-schuetzenverein.de\/wp-content\/uploads\/2025\/08\/HubertusKoenigspaar_2025-scaled.jpg?resize=350%2C200 1x, https:\/\/i0.wp.com\/www.hubertus-schuetzenverein.de\/wp-content\/uploads\/2025\/08\/HubertusKoenigspaar_2025-scaled.jpg?resize=525%2C300 1.5x, https:\/\/i0.wp.com\/www.hubertus-schuetzenverein.de\/wp-content\/uploads\/2025\/08\/HubertusKoenigspaar_2025-scaled.jpg?resize=700%2C400 2x, https:\/\/i0.wp.com\/www.hubertus-schuetzenverein.de\/wp-content\/uploads\/2025\/08\/HubertusKoenigspaar_2025-scaled.jpg?resize=1050%2C600 3x, https:\/\/i0.wp.com\/www.hubertus-schuetzenverein.de\/wp-content\/uploads\/2025\/08\/HubertusKoenigspaar_2025-scaled.jpg?resize=1400%2C800 4x"},"classes":[]},{"id":2481,"url":"https:\/\/www.hubertus-schuetzenverein.de\/?page_id=2481","url_meta":{"origin":3536,"position":5},"title":"2005","author":"Thorsten","date":"Juni 27, 2017","format":false,"excerpt":"Pressebericht 2005 Thomas M\u00fclder: K\u00f6nig vom Langenberg Beim Kindersch\u00fctzenfest wurde Marco Thale Kindersch\u00fctzenk\u00f6nig, er w\u00e4hlte Sarah Altevolmer zur K\u00f6nigin. Sonntagnachmittag wurden f\u00fcnf Sch\u00fctzenbr\u00fcder f\u00fcr 25 Jahre Mitgliedschaft vom Vorsitzenden Manfred Leschinski geehrt. Nach dem Festumzug fand ein Plakettenschie\u00dfen statt, wobei in der Altersgruppe bis 35 Michael Busch Gold, Stefan Busch\u2026","rel":"","context":"\u00c4hnlicher Beitrag","block_context":{"text":"\u00c4hnlicher Beitrag","link":""},"img":{"alt_text":"Thomas und Barbara M\u00fclder + Vorjahresk\u00f6nigspaar Thomas Finzel und Kristina Menke im Vordergrund die Kinder des K\u00f6nigspaares - Klaus G\u00f6dde \u00a9 2016","src":"https:\/\/i0.wp.com\/wordpress.hubertus-schuetzenverein.de\/wp-content\/uploads\/2017\/06\/presse2005-300x200.jpg?resize=350%2C200","width":350,"height":200},"classes":[]}],"_links":{"self":[{"href":"https:\/\/www.hubertus-schuetzenverein.de\/index.php?rest_route=\/wp\/v2\/pages\/3536","targetHints":{"allow":["GET"]}}],"collection":[{"href":"https:\/\/www.hubertus-schuetzenverein.de\/index.php?rest_route=\/wp\/v2\/pages"}],"about":[{"href":"https:\/\/www.hubertus-schuetzenverein.de\/index.php?rest_route=\/wp\/v2\/types\/page"}],"author":[{"embeddable":true,"href":"https:\/\/www.hubertus-schuetzenverein.de\/index.php?rest_route=\/wp\/v2\/users\/1"}],"replies":[{"embeddable":true,"href":"https:\/\/www.hubertus-schuetzenverein.de\/index.php?rest_route=%2Fwp%2Fv2%2Fcomments&post=3536"}],"version-history":[{"count":1,"href":"https:\/\/www.hubertus-schuetzenverein.de\/index.php?rest_route=\/wp\/v2\/pages\/3536\/revisions"}],"predecessor-version":[{"id":3537,"href":"https:\/\/www.hubertus-schuetzenverein.de\/index.php?rest_route=\/wp\/v2\/pages\/3536\/revisions\/3537"}],"up":[{"embeddable":true,"href":"https:\/\/www.hubertus-schuetzenverein.de\/index.php?rest_route=\/wp\/v2\/pages\/2458"}],"wp:attachment":[{"href":"https:\/\/www.hubertus-schuetzenverein.de\/index.php?rest_route=%2Fwp%2Fv2%2Fmedia&parent=3536"}],"curies":[{"name":"wp","href":"https:\/\/api.w.org\/{rel}","templated":true}]}}