{"id":260,"date":"2017-06-20T16:01:50","date_gmt":"2017-06-20T16:01:50","guid":{"rendered":"http:\/\/wordpress.hubertus-schuetzenverein.de\/?page_id=260"},"modified":"2025-07-28T11:17:21","modified_gmt":"2025-07-28T11:17:21","slug":"beitrittserklaerung","status":"publish","type":"page","link":"https:\/\/www.hubertus-schuetzenverein.de\/?page_id=260","title":{"rendered":"Beitrittserkl\u00e4rung"},"content":{"rendered":"\n<p>Bitte die Beitrittserkl\u00e4rung<strong>&nbsp;<\/strong>ausdrucken und ausgef\u00fcllt bei Thomas M\u00fclder oder Daniel Thien abgeben.<\/p>\n\n\n<div class=\"wp-block-image\">\n<figure class=\"alignleft\"><a href=\"http:\/\/www.hubertus-schuetzenverein.de\/wp-content\/uploads\/2025\/06\/Beitritterklaerung-06_25.pdf\"><img data-recalc-dims=\"1\" loading=\"lazy\" decoding=\"async\" width=\"300\" height=\"108\" src=\"https:\/\/i0.wp.com\/wordpress.hubertus-schuetzenverein.de\/wp-content\/uploads\/2017\/06\/download-button-large-300x108.png?resize=300%2C108\" alt=\"\" class=\"wp-image-392\" srcset=\"https:\/\/i0.wp.com\/www.hubertus-schuetzenverein.de\/wp-content\/uploads\/2017\/06\/download-button-large.png?resize=300%2C108&amp;ssl=1 300w, https:\/\/i0.wp.com\/www.hubertus-schuetzenverein.de\/wp-content\/uploads\/2017\/06\/download-button-large.png?w=379&amp;ssl=1 379w\" sizes=\"auto, (max-width: 300px) 100vw, 300px\" \/><\/a><\/figure>\n<\/div>\n\n\n<p><\/p>\n\n\n\n<p><\/p>\n","protected":false},"excerpt":{"rendered":"<p>Bitte die Beitrittserkl\u00e4rung&nbsp;ausdrucken und ausgef\u00fcllt bei Thomas M\u00fclder oder Daniel Thien abgeben.<\/p>\n","protected":false},"author":1,"featured_media":0,"parent":258,"menu_order":0,"comment_status":"closed","ping_status":"closed","template":"","meta":{"jetpack_post_was_ever_published":false,"footnotes":""},"class_list":["post-260","page","type-page","status-publish","hentry","entry"],"jetpack_sharing_enabled":true,"jetpack_shortlink":"https:\/\/wp.me\/P8RsoT-4c","jetpack-related-posts":[{"id":8688,"url":"https:\/\/www.hubertus-schuetzenverein.de\/?page_id=8688","url_meta":{"origin":260,"position":0},"title":"2024","author":"Thorsten","date":"August 19, 2024","format":false,"excerpt":"Pascal Elling neuer K\u00f6nig bei den Hubertus Sch\u00fctzen Der Hubertus Sch\u00fctzenverein Salzbergen e. V. feierte vom 10.-12. August sein 59. Sch\u00fctzenfest. Er\u00f6ffnet wurde das Sch\u00fctzenfest am Samstagabend wie \u00fcblich mit einem Wortgottesdienst durch Pastor Droste. Im Anschluss daran fand die gro\u00dfe Zeltparty mit dem DJ-Team \u201eXplosion\u201c statt, welches bis in\u2026","rel":"","context":"\u00c4hnlicher Beitrag","block_context":{"text":"\u00c4hnlicher Beitrag","link":""},"img":{"alt_text":"2024 - Pascal Elling und Helen K\u00fcnnemann","src":"https:\/\/i0.wp.com\/www.hubertus-schuetzenverein.de\/wp-content\/uploads\/2024\/08\/HubertusKoenigspaar_2024-scaled.jpg?resize=350%2C200","width":350,"height":200,"srcset":"https:\/\/i0.wp.com\/www.hubertus-schuetzenverein.de\/wp-content\/uploads\/2024\/08\/HubertusKoenigspaar_2024-scaled.jpg?resize=350%2C200 1x, https:\/\/i0.wp.com\/www.hubertus-schuetzenverein.de\/wp-content\/uploads\/2024\/08\/HubertusKoenigspaar_2024-scaled.jpg?resize=525%2C300 1.5x, https:\/\/i0.wp.com\/www.hubertus-schuetzenverein.de\/wp-content\/uploads\/2024\/08\/HubertusKoenigspaar_2024-scaled.jpg?resize=700%2C400 2x, https:\/\/i0.wp.com\/www.hubertus-schuetzenverein.de\/wp-content\/uploads\/2024\/08\/HubertusKoenigspaar_2024-scaled.jpg?resize=1050%2C600 3x, https:\/\/i0.wp.com\/www.hubertus-schuetzenverein.de\/wp-content\/uploads\/2024\/08\/HubertusKoenigspaar_2024-scaled.jpg?resize=1400%2C800 4x"},"classes":[]},{"id":3542,"url":"https:\/\/www.hubertus-schuetzenverein.de\/?page_id=3542","url_meta":{"origin":260,"position":1},"title":"2009","author":"Thorsten","date":"Juni 29, 2017","format":false,"excerpt":"Pressebericht 2009 Helmut Siepker ist neuer K\u00f6nig Helmut Siepker (rechts) ist neuer K\u00f6nig im Hubertus-Sch\u00fctzenverein Salzbergen. K\u00f6nigin ist Karola Siepker. Beim Kindersch\u00fctzenfest gelang es Alexander M\u00fclder, die Kinderk\u00f6nigsw\u00fcrde zu erringen, Julia van der Zee wurde Kinderk\u00f6nigin. Geehrt wurden Stefan D\u00fctz, Helmut Harmann, Stefan Thiel, Heinz Thien, Michael Twilling, Rolf Effner,\u2026","rel":"","context":"\u00c4hnlicher Beitrag","block_context":{"text":"\u00c4hnlicher Beitrag","link":""},"img":{"alt_text":"v.l. Das alte K\u00f6nigspaar Matthias B\u00fcnker und Heike Th\u00fcnemann + Helmut und Karola Siepker - Th\u00fcnemann \u00a9 2009","src":"https:\/\/i0.wp.com\/wordpress.hubertus-schuetzenverein.de\/wp-content\/uploads\/2017\/06\/presse2009-300x240.jpg?resize=350%2C200","width":350,"height":200},"classes":[]},{"id":262,"url":"https:\/\/www.hubertus-schuetzenverein.de\/?page_id=262","url_meta":{"origin":260,"position":2},"title":"Was kann ich Wo erledigen!","author":"Thorsten","date":"Juni 20, 2017","format":false,"excerpt":"BeitrittThomas M\u00fclder \/ Daniel ThienKinder anmeldenThorsten VeerkampHut, Krawatte, FederDaniel ThienBankverbindung \u00e4ndernDaniel ThienAdresse \u00e4ndernDaniel ThienF\u00e4hnchen zum Strasse schm\u00fcckenMatthias R\u00f6tteringLaufzettel bestellenThorsten VeerkampAllgemeine Info und TermineWebseite im Bereich Infos","rel":"","context":"\u00c4hnlicher Beitrag","block_context":{"text":"\u00c4hnlicher Beitrag","link":""},"img":{"alt_text":"","src":"","width":0,"height":0},"classes":[]},{"id":2481,"url":"https:\/\/www.hubertus-schuetzenverein.de\/?page_id=2481","url_meta":{"origin":260,"position":3},"title":"2005","author":"Thorsten","date":"Juni 27, 2017","format":false,"excerpt":"Pressebericht 2005 Thomas M\u00fclder: K\u00f6nig vom Langenberg Beim Kindersch\u00fctzenfest wurde Marco Thale Kindersch\u00fctzenk\u00f6nig, er w\u00e4hlte Sarah Altevolmer zur K\u00f6nigin. Sonntagnachmittag wurden f\u00fcnf Sch\u00fctzenbr\u00fcder f\u00fcr 25 Jahre Mitgliedschaft vom Vorsitzenden Manfred Leschinski geehrt. Nach dem Festumzug fand ein Plakettenschie\u00dfen statt, wobei in der Altersgruppe bis 35 Michael Busch Gold, Stefan Busch\u2026","rel":"","context":"\u00c4hnlicher Beitrag","block_context":{"text":"\u00c4hnlicher Beitrag","link":""},"img":{"alt_text":"Thomas und Barbara M\u00fclder + Vorjahresk\u00f6nigspaar Thomas Finzel und Kristina Menke im Vordergrund die Kinder des K\u00f6nigspaares - Klaus G\u00f6dde \u00a9 2016","src":"https:\/\/i0.wp.com\/wordpress.hubertus-schuetzenverein.de\/wp-content\/uploads\/2017\/06\/presse2005-300x200.jpg?resize=350%2C200","width":350,"height":200},"classes":[]},{"id":207,"url":"https:\/\/www.hubertus-schuetzenverein.de\/?page_id=207","url_meta":{"origin":260,"position":4},"title":"Vorstand","author":"Thorsten","date":"Juni 18, 2017","format":false,"excerpt":"Oberst - Andreas Stein 1. Vorsitzender Thomas M\u00fclder 2. Vorsitzender Matthias R\u00f6ttering 1. Kassenwart Daniel Thien 2. Kassenwart Andre Elling 1. Schriftf\u00fchrer Thorsten Veerkamp 2. Schriftf\u00fchrer Steffen Elfert 1. Beisitzer Michael B\u00fcnker 2. Beisitzer Matthias B\u00fcnker 1. Jugendvertreter Marco Thale 2. Jugendvertreter Mathis K\u00fcthe","rel":"","context":"\u00c4hnlicher Beitrag","block_context":{"text":"\u00c4hnlicher Beitrag","link":""},"img":{"alt_text":"1. Vorsitzender Thomas M\u00fclder","src":"https:\/\/i0.wp.com\/www.hubertus-schuetzenverein.de\/wp-content\/uploads\/2023\/10\/1_vs-1.jpg?resize=350%2C200","width":350,"height":200,"srcset":"https:\/\/i0.wp.com\/www.hubertus-schuetzenverein.de\/wp-content\/uploads\/2023\/10\/1_vs-1.jpg?resize=350%2C200 1x, https:\/\/i0.wp.com\/www.hubertus-schuetzenverein.de\/wp-content\/uploads\/2023\/10\/1_vs-1.jpg?resize=525%2C300 1.5x, https:\/\/i0.wp.com\/www.hubertus-schuetzenverein.de\/wp-content\/uploads\/2023\/10\/1_vs-1.jpg?resize=700%2C400 2x"},"classes":[]},{"id":3553,"url":"https:\/\/www.hubertus-schuetzenverein.de\/?page_id=3553","url_meta":{"origin":260,"position":5},"title":"2013","author":"Thorsten","date":"Juni 29, 2017","format":false,"excerpt":"Pressbericht 2013 Der Hubertus \u2013 Sch\u00fctzenverein Salzbergen e. V. feierte vom 10. \u2013 12. August sein 48.Sch\u00fctzenfest. Der Samstag stand ganz im Zeichen eines z\u00fcnftigen Musikabends. Erst traf man sich mit Pastor Droste zu einem Wortgottesdienst danach spielte DJ SKYLINEMUSIC Hits vom Plattenteller und weiter sp\u00e4ter wurde abgerockt mit der\u2026","rel":"","context":"\u00c4hnlicher Beitrag","block_context":{"text":"\u00c4hnlicher Beitrag","link":""},"img":{"alt_text":"","src":"https:\/\/i0.wp.com\/wordpress.hubertus-schuetzenverein.de\/wp-content\/uploads\/2017\/06\/presse-2013-300x200.jpg?resize=350%2C200","width":350,"height":200},"classes":[]}],"_links":{"self":[{"href":"https:\/\/www.hubertus-schuetzenverein.de\/index.php?rest_route=\/wp\/v2\/pages\/260","targetHints":{"allow":["GET"]}}],"collection":[{"href":"https:\/\/www.hubertus-schuetzenverein.de\/index.php?rest_route=\/wp\/v2\/pages"}],"about":[{"href":"https:\/\/www.hubertus-schuetzenverein.de\/index.php?rest_route=\/wp\/v2\/types\/page"}],"author":[{"embeddable":true,"href":"https:\/\/www.hubertus-schuetzenverein.de\/index.php?rest_route=\/wp\/v2\/users\/1"}],"replies":[{"embeddable":true,"href":"https:\/\/www.hubertus-schuetzenverein.de\/index.php?rest_route=%2Fwp%2Fv2%2Fcomments&post=260"}],"version-history":[{"count":4,"href":"https:\/\/www.hubertus-schuetzenverein.de\/index.php?rest_route=\/wp\/v2\/pages\/260\/revisions"}],"predecessor-version":[{"id":9114,"href":"https:\/\/www.hubertus-schuetzenverein.de\/index.php?rest_route=\/wp\/v2\/pages\/260\/revisions\/9114"}],"up":[{"embeddable":true,"href":"https:\/\/www.hubertus-schuetzenverein.de\/index.php?rest_route=\/wp\/v2\/pages\/258"}],"wp:attachment":[{"href":"https:\/\/www.hubertus-schuetzenverein.de\/index.php?rest_route=%2Fwp%2Fv2%2Fmedia&parent=260"}],"curies":[{"name":"wp","href":"https:\/\/api.w.org\/{rel}","templated":true}]}}