{"id":2481,"date":"2017-06-27T11:57:24","date_gmt":"2017-06-27T11:57:24","guid":{"rendered":"http:\/\/wordpress.hubertus-schuetzenverein.de\/?page_id=2481"},"modified":"2017-06-29T05:20:11","modified_gmt":"2017-06-29T05:20:11","slug":"2005-2","status":"publish","type":"page","link":"https:\/\/www.hubertus-schuetzenverein.de\/?page_id=2481","title":{"rendered":"2005"},"content":{"rendered":"<h2>Pressebericht 2005<\/h2>\n<p>Thomas M\u00fclder: K\u00f6nig vom Langenberg<\/p>\n<figure id=\"attachment_163\" aria-describedby=\"caption-attachment-163\" style=\"width: 300px\" class=\"wp-caption alignright\"><a href=\"https:\/\/i0.wp.com\/wordpress.hubertus-schuetzenverein.de\/wp-content\/uploads\/2017\/06\/presse2005.jpg\"><img data-recalc-dims=\"1\" loading=\"lazy\" decoding=\"async\" class=\"wp-image-163 size-medium\" src=\"https:\/\/i0.wp.com\/wordpress.hubertus-schuetzenverein.de\/wp-content\/uploads\/2017\/06\/presse2005-300x200.jpg?resize=300%2C200\" alt=\"Thomas und Barbara M\u00fclder + Vorjahresk\u00f6nigspaar Thomas Finzel und Kristina Menke im Vordergrund die Kinder des K\u00f6nigspaares - Klaus G\u00f6dde \u00a9 2016\" width=\"300\" height=\"200\" srcset=\"https:\/\/i0.wp.com\/www.hubertus-schuetzenverein.de\/wp-content\/uploads\/2017\/06\/presse2005.jpg?resize=300%2C200&amp;ssl=1 300w, https:\/\/i0.wp.com\/www.hubertus-schuetzenverein.de\/wp-content\/uploads\/2017\/06\/presse2005.jpg?w=562&amp;ssl=1 562w\" sizes=\"auto, (max-width: 300px) 100vw, 300px\" \/><\/a><figcaption id=\"caption-attachment-163\" class=\"wp-caption-text\">Thomas und Barbara M\u00fclder + Vorjahresk\u00f6nigspaar Thomas Finzel und Kristina Menke im Vordergrund die Kinder des K\u00f6nigspaares &#8211; Klaus G\u00f6dde \u00a9 2016<\/figcaption><\/figure>\n<p>Beim Kindersch\u00fctzenfest wurde Marco Thale Kindersch\u00fctzenk\u00f6nig, er w\u00e4hlte Sarah Altevolmer zur K\u00f6nigin. Sonntagnachmittag wurden f\u00fcnf Sch\u00fctzenbr\u00fcder f\u00fcr 25 Jahre Mitgliedschaft vom Vorsitzenden Manfred Leschinski geehrt. Nach dem Festumzug fand ein Plakettenschie\u00dfen statt, wobei in der Altersgruppe bis 35 Michael Busch Gold, Stefan Busch Silber und Tobias Scheffer Bronze errang. In der Altersgruppe \u00fcber 35 errang J\u00fcrgen Kestering die goldene, Theo Metten die silberne und G\u00fcnter Grondmann die bronzene Vereinsmeisterplakette. Montag beim Vogelschiessen gingen die Orden f\u00fcr Krone, Zepter und Apfel jeweils an Rainer Horstkamp, Thomas D\u00fctz und Udo P\u00f6ttering. Den Vogel holte schlie\u00dflich Thomas M\u00fclder herunter. Seine Frau Barbara erkor er zur K\u00f6nigin, amtierendes K\u00f6nigspaar Thomas Finzel und Kristina Menke wurden hiermit abgel\u00f6st.<\/p>\n<h2>Jahresr\u00fcckblick 2005<\/h2>\n<ol>\n<li>Die Doppelkopftuniere fanden in diesem Jahr am 22.02.2005 und 17.03.2005 unter reger Beteiligung statt, so dass jeder Spieler seiner St\u00e4rke entsprechend attraktive Preise gewinnen konnte.<\/li>\n<li>Anl\u00e4sslich unserer 25. Fahrradtour \u201eFahrt ins Blaue\u201c spielte der Wettergott erneut mit, sodass sich die \u00fcber 100 Teilnehmer der sch\u00f6nen Landschaft und zuletzt zum Abschluss der W\u00fcrstchen, Pommes und der k\u00fchlen Getr\u00e4nke erfreuen konnten.<\/li>\n<li>Zu Jubelfesten wurden wir in diesem Jahr von dem Sch\u00fctzenverein Landersum am 22.05.2005 und den B\u00fcrgersch\u00fctzen Sch\u00fcttorf am 26.06.2005 eingeladen. Bei m\u00e4\u00dfiger Teilnahme feierten die mitgereisten dennoch angenehme Feste.<\/li>\n<li>Das diesj\u00e4hrige Sch\u00fctzenfest feierten wir in der Zeit vom 13.08.2005 bis 16.08.2005 auf dem Festplatz an der D\u00fcnnstra\u00dfe. Bei ordentlichem Wetter starteten unsere Kleinen am Samstag mit dem Kindersch\u00fctzenfest. Marco Thale wurde Kindersch\u00fctzenk\u00f6nig, zur K\u00f6nigin w\u00e4hlte er Sarah Altevolmer. Wie in jedem Jahr mussten Kinder und Eltern gegen Abend den Jugendlichen platz machen, die mit der Topband Sunrise ein tolles Fest feiern wollten. Circa 1000 verkaufte Karten und noch vielmehr Besucher beweisen, dass ihnen dies auch gelungen ist. Am Sonntag fand das Antreten zum Festumzug wie gewohnt beim Festwirt Richard Mahl statt. Nachdem zun\u00e4chst 6 Sch\u00fctzenbr\u00fcder f\u00fcr ihre 25-j\u00e4hrige Vereinmitgliedschaft geehrt wurden, freuten sich alle G\u00e4ste bei reichlich Kaffe und Kuchen \u00fcber die tollen Preise, die bei der traditionellen gro\u00dfen Verlosung zu gewinnen waren. F\u00fcr die musikalische Untermalung sorgte hervorragend der Musikverein Salzbergen. Mit dem D\u00e4mmerschoppen klang der Sonntag aus. Zum Kirchgang mit anschlie\u00dfender Kranzniederlegung am Kriegerdenkmal traten am Montagmorgen erneut zahlreiche Sch\u00fctzen an. Nach einem kurzen auftanken beim Gemeindedirektor freuten sich alle Sch\u00fctzen auf das von den Nachbarsfrauen des K\u00f6nigs bereitete Fr\u00fchst\u00fcck. Frisch gest\u00e4rkt konnten sich so die Sch\u00fctzen einem H\u00f6hepunkt des Festes, dem K\u00f6nigs- und Plakettenschie\u00dfen widmen. Nachdem Michael Busch und J\u00fcrgen Kestering die Vereinsmeistertitel errangen, richtete sich die Aufmerksamkeit der Sch\u00fctzen und der zahlreichen G\u00e4ste dem K\u00f6nigsschie\u00dfen. Obwohl der Vogel sich lange wehrte, musste er sich doch letztendlich den zielsicheren Sch\u00fctzen geschlagen geben. Der gl\u00fcckliche K\u00f6nigssch\u00fctze hie\u00df Thomas M\u00fclder, der spontan seine Ehefrau Barbara zur K\u00f6nigin erkor. Am Abend feierte das K\u00f6nigspaar mit seinen G\u00e4sten und den \u201eHeartbeats\u201c ein rauschendes Fest, das erst in den fr\u00fchen Morgenstunden endete.<\/li>\n<li>Das Sch\u00fctzenfest fand erst am Dienstag mit dem traditionellen Kehraus beim Festwirt Richard Mahl sein ende.<\/li>\n<\/ol>\n","protected":false},"excerpt":{"rendered":"<p>Pressebericht 2005 Thomas M\u00fclder: K\u00f6nig vom Langenberg Beim Kindersch\u00fctzenfest wurde Marco Thale Kindersch\u00fctzenk\u00f6nig, er w\u00e4hlte Sarah Altevolmer zur K\u00f6nigin. Sonntagnachmittag wurden f\u00fcnf Sch\u00fctzenbr\u00fcder f\u00fcr 25 Jahre Mitgliedschaft vom Vorsitzenden Manfred Leschinski geehrt. Nach dem Festumzug fand ein Plakettenschie\u00dfen statt, wobei in der Altersgruppe bis 35 Michael Busch Gold, Stefan Busch Silber und Tobias Scheffer Bronze [&hellip;]<\/p>\n","protected":false},"author":1,"featured_media":0,"parent":2458,"menu_order":0,"comment_status":"closed","ping_status":"closed","template":"","meta":{"jetpack_post_was_ever_published":false,"footnotes":""},"class_list":["post-2481","page","type-page","status-publish","hentry","entry"],"jetpack_sharing_enabled":true,"jetpack_shortlink":"https:\/\/wp.me\/P8RsoT-E1","jetpack-related-posts":[{"id":298,"url":"https:\/\/www.hubertus-schuetzenverein.de\/?page_id=298","url_meta":{"origin":2481,"position":0},"title":"Historie Kinderk\u00f6nigspaare","author":"Thorsten","date":"Juni 20, 2017","format":false,"excerpt":"2025 - Mattis Stein und Jule K\u00fcnnemann 2024 - Paul Wewel und Pia K\u00fcnnemann 2023 - Stina Woltermann und Theo P\u00f6ttering 2022 - Max D\u00f6rnhoff und Paula Steinforth 2019 - Sophie Nega und Philipp Vogelpohl 2018 - Lina Hentschel und David Barkmann 2017 - Dana Barkmann und Tom Gillmann 2016\u2026","rel":"","context":"\u00c4hnlicher Beitrag","block_context":{"text":"\u00c4hnlicher Beitrag","link":""},"img":{"alt_text":"2025 - Mattis Stein und Jule K\u00fcnnemann","src":"https:\/\/i0.wp.com\/www.hubertus-schuetzenverein.de\/wp-content\/uploads\/2025\/08\/HubertusKinderkoenigspaar_2025.jpeg?resize=350%2C200","width":350,"height":200,"srcset":"https:\/\/i0.wp.com\/www.hubertus-schuetzenverein.de\/wp-content\/uploads\/2025\/08\/HubertusKinderkoenigspaar_2025.jpeg?resize=350%2C200 1x, https:\/\/i0.wp.com\/www.hubertus-schuetzenverein.de\/wp-content\/uploads\/2025\/08\/HubertusKinderkoenigspaar_2025.jpeg?resize=525%2C300 1.5x, https:\/\/i0.wp.com\/www.hubertus-schuetzenverein.de\/wp-content\/uploads\/2025\/08\/HubertusKinderkoenigspaar_2025.jpeg?resize=700%2C400 2x, https:\/\/i0.wp.com\/www.hubertus-schuetzenverein.de\/wp-content\/uploads\/2025\/08\/HubertusKinderkoenigspaar_2025.jpeg?resize=1050%2C600 3x, https:\/\/i0.wp.com\/www.hubertus-schuetzenverein.de\/wp-content\/uploads\/2025\/08\/HubertusKinderkoenigspaar_2025.jpeg?resize=1400%2C800 4x"},"classes":[]},{"id":3565,"url":"https:\/\/www.hubertus-schuetzenverein.de\/?page_id=3565","url_meta":{"origin":2481,"position":1},"title":"2015","author":"Thorsten","date":"Juni 30, 2017","format":false,"excerpt":"Am zweiten Wochenende im August konnte\u00a0der Hubertus-Sch\u00fctzenverein Salzbergen e.V. sein 50-j\u00e4hriges\u00a0Jubil\u00e4um mit einem gro\u00dfen Jubelfest begehen. Unter dem Motto \u201eJubeln im KONGO\u201c begann das Fest am Freitagabend mit einem Langenberger Abend im Festzelt. Zu Beginn wurde ein Wortgottesdienst mit Pastor Droste gefeiert. Dann begann das erste Kaiserschiessen des Vereins. Hier\u2026","rel":"","context":"\u00c4hnlicher Beitrag","block_context":{"text":"\u00c4hnlicher Beitrag","link":""},"img":{"alt_text":"K\u00f6nig Hermann mit seiner K\u00f6nigin Helga Struffert - \u00a9 Klaus G\u00f6dde 2015","src":"https:\/\/i0.wp.com\/wordpress.hubertus-schuetzenverein.de\/wp-content\/uploads\/2017\/06\/koenig_2015-177x300.jpg?resize=350%2C200","width":350,"height":200},"classes":[]},{"id":49,"url":"https:\/\/www.hubertus-schuetzenverein.de\/?page_id=49","url_meta":{"origin":2481,"position":2},"title":"Historie der K\u00f6nigspaare (1965-heute)","author":"Thorsten","date":"Juni 15, 2017","format":false,"excerpt":"2025 - Niels und Melanie Finke 2024 - Pascal Elling und Helen K\u00fcnnemann 2023 - Jonas Thiel und Diana Melnik 2022 - Yvonne und Olaf Nega 2019 - Gudrun und Reiner Thale 2018 - Mareike Egbers & Matthias R\u00f6ttering 2017 - Bianka & J\u00f6rg Sch\u00fcring 2016 - Reinhild & Thomas\u2026","rel":"","context":"\u00c4hnlicher Beitrag","block_context":{"text":"\u00c4hnlicher Beitrag","link":""},"img":{"alt_text":"2025 - Niels und Melanie Finke","src":"https:\/\/i0.wp.com\/www.hubertus-schuetzenverein.de\/wp-content\/uploads\/2025\/08\/HubertusKoenigspaar_2025-scaled.jpg?resize=350%2C200","width":350,"height":200,"srcset":"https:\/\/i0.wp.com\/www.hubertus-schuetzenverein.de\/wp-content\/uploads\/2025\/08\/HubertusKoenigspaar_2025-scaled.jpg?resize=350%2C200 1x, https:\/\/i0.wp.com\/www.hubertus-schuetzenverein.de\/wp-content\/uploads\/2025\/08\/HubertusKoenigspaar_2025-scaled.jpg?resize=525%2C300 1.5x, https:\/\/i0.wp.com\/www.hubertus-schuetzenverein.de\/wp-content\/uploads\/2025\/08\/HubertusKoenigspaar_2025-scaled.jpg?resize=700%2C400 2x, https:\/\/i0.wp.com\/www.hubertus-schuetzenverein.de\/wp-content\/uploads\/2025\/08\/HubertusKoenigspaar_2025-scaled.jpg?resize=1050%2C600 3x, https:\/\/i0.wp.com\/www.hubertus-schuetzenverein.de\/wp-content\/uploads\/2025\/08\/HubertusKoenigspaar_2025-scaled.jpg?resize=1400%2C800 4x"},"classes":[]},{"id":3553,"url":"https:\/\/www.hubertus-schuetzenverein.de\/?page_id=3553","url_meta":{"origin":2481,"position":3},"title":"2013","author":"Thorsten","date":"Juni 29, 2017","format":false,"excerpt":"Pressbericht 2013 Der Hubertus \u2013 Sch\u00fctzenverein Salzbergen e. V. feierte vom 10. \u2013 12. August sein 48.Sch\u00fctzenfest. Der Samstag stand ganz im Zeichen eines z\u00fcnftigen Musikabends. Erst traf man sich mit Pastor Droste zu einem Wortgottesdienst danach spielte DJ SKYLINEMUSIC Hits vom Plattenteller und weiter sp\u00e4ter wurde abgerockt mit der\u2026","rel":"","context":"\u00c4hnlicher Beitrag","block_context":{"text":"\u00c4hnlicher Beitrag","link":""},"img":{"alt_text":"","src":"https:\/\/i0.wp.com\/wordpress.hubertus-schuetzenverein.de\/wp-content\/uploads\/2017\/06\/presse-2013-300x200.jpg?resize=350%2C200","width":350,"height":200},"classes":[]},{"id":292,"url":"https:\/\/www.hubertus-schuetzenverein.de\/?page_id=292","url_meta":{"origin":2481,"position":4},"title":"2016","author":"Thorsten","date":"Juni 20, 2017","format":false,"excerpt":"Thomas Altevolmer ist der neue K\u00f6nig im Kongo Der Hubertus \u2013 Sch\u00fctzenverein Salzbergen e. V. feierte vom 13.-15. August sein 51. Sch\u00fctzenfest. Der Samstag stand ganz im Zeichen eines Wachejubelfestes. Die Kongo-Wache feierte ihr 25-j\u00e4hriges Bestehen. Hier gelang es Fabian Altevolmer der 3. Jugendsch\u00fctzenk\u00f6nig in Salzbergen zu werden. Am Sonntagnachmittag\u2026","rel":"","context":"\u00c4hnlicher Beitrag","block_context":{"text":"\u00c4hnlicher Beitrag","link":""},"img":{"alt_text":"Saskia Altemeyer und Fabian Altevolmer, Reinhild und Thomas Altevolmer, Helga und Hermann Struffert ","src":"https:\/\/i0.wp.com\/www.hubertus-schuetzenverein.de\/wp-content\/uploads\/2017\/06\/alle_koenige_2016-300x200.jpg?resize=350%2C200","width":350,"height":200},"classes":[]},{"id":260,"url":"https:\/\/www.hubertus-schuetzenverein.de\/?page_id=260","url_meta":{"origin":2481,"position":5},"title":"Beitrittserkl\u00e4rung","author":"Thorsten","date":"Juni 20, 2017","format":false,"excerpt":"Bitte die Beitrittserkl\u00e4rung\u00a0ausdrucken und ausgef\u00fcllt bei Thomas M\u00fclder oder Daniel Thien abgeben.","rel":"","context":"\u00c4hnlicher Beitrag","block_context":{"text":"\u00c4hnlicher Beitrag","link":""},"img":{"alt_text":"","src":"https:\/\/i0.wp.com\/wordpress.hubertus-schuetzenverein.de\/wp-content\/uploads\/2017\/06\/download-button-large-300x108.png?resize=350%2C200","width":350,"height":200},"classes":[]}],"_links":{"self":[{"href":"https:\/\/www.hubertus-schuetzenverein.de\/index.php?rest_route=\/wp\/v2\/pages\/2481","targetHints":{"allow":["GET"]}}],"collection":[{"href":"https:\/\/www.hubertus-schuetzenverein.de\/index.php?rest_route=\/wp\/v2\/pages"}],"about":[{"href":"https:\/\/www.hubertus-schuetzenverein.de\/index.php?rest_route=\/wp\/v2\/types\/page"}],"author":[{"embeddable":true,"href":"https:\/\/www.hubertus-schuetzenverein.de\/index.php?rest_route=\/wp\/v2\/users\/1"}],"replies":[{"embeddable":true,"href":"https:\/\/www.hubertus-schuetzenverein.de\/index.php?rest_route=%2Fwp%2Fv2%2Fcomments&post=2481"}],"version-history":[{"count":1,"href":"https:\/\/www.hubertus-schuetzenverein.de\/index.php?rest_route=\/wp\/v2\/pages\/2481\/revisions"}],"predecessor-version":[{"id":2482,"href":"https:\/\/www.hubertus-schuetzenverein.de\/index.php?rest_route=\/wp\/v2\/pages\/2481\/revisions\/2482"}],"up":[{"embeddable":true,"href":"https:\/\/www.hubertus-schuetzenverein.de\/index.php?rest_route=\/wp\/v2\/pages\/2458"}],"wp:attachment":[{"href":"https:\/\/www.hubertus-schuetzenverein.de\/index.php?rest_route=%2Fwp%2Fv2%2Fmedia&parent=2481"}],"curies":[{"name":"wp","href":"https:\/\/api.w.org\/{rel}","templated":true}]}}