{"id":2460,"date":"2017-06-26T05:14:22","date_gmt":"2017-06-26T05:14:22","guid":{"rendered":"http:\/\/wordpress.hubertus-schuetzenverein.de\/?page_id=2460"},"modified":"2017-06-26T05:22:29","modified_gmt":"2017-06-26T05:22:29","slug":"2002-2","status":"publish","type":"page","link":"https:\/\/www.hubertus-schuetzenverein.de\/?page_id=2460","title":{"rendered":"2002"},"content":{"rendered":"<h2>Pressebericht 2002<\/h2>\n<figure id=\"attachment_160\" aria-describedby=\"caption-attachment-160\" style=\"width: 300px\" class=\"wp-caption alignright\"><a href=\"https:\/\/i0.wp.com\/wordpress.hubertus-schuetzenverein.de\/wp-content\/uploads\/2017\/06\/presse2002.jpg\"><img data-recalc-dims=\"1\" loading=\"lazy\" decoding=\"async\" class=\"wp-image-160 size-medium\" src=\"https:\/\/i0.wp.com\/wordpress.hubertus-schuetzenverein.de\/wp-content\/uploads\/2017\/06\/presse2002-300x225.jpg?resize=300%2C225\" alt=\"K\u00f6nigspaar Heike und Thomas Scheepers und Vorjahresk\u00f6nigspaar Jutta und Norbert Lauel - Klaus G\u00f6dde \u00a9 2016\" width=\"300\" height=\"225\" srcset=\"https:\/\/i0.wp.com\/www.hubertus-schuetzenverein.de\/wp-content\/uploads\/2017\/06\/presse2002.jpg?resize=300%2C225&amp;ssl=1 300w, https:\/\/i0.wp.com\/www.hubertus-schuetzenverein.de\/wp-content\/uploads\/2017\/06\/presse2002.jpg?w=500&amp;ssl=1 500w\" sizes=\"auto, (max-width: 300px) 100vw, 300px\" \/><\/a><figcaption id=\"caption-attachment-160\" class=\"wp-caption-text\">K\u00f6nigspaar Heike und Thomas Scheepers und Vorjahresk\u00f6nigspaar Jutta und Norbert Lauel &#8211; Klaus G\u00f6dde \u00a9 2002<\/figcaption><\/figure>\n<p>Thomas Scheepers regiert in Salzbergen<\/p>\n<p>Der Hubertus-Sch\u00fctzenverein Salzbergen e.V. rundete mit seinem Sch\u00fctzenfest die zahlreichen Sch\u00fctzenfeste der Salzbergener Vereine in diesem Jahr ab. Sch\u00fctzenk\u00f6nig wurde Thomas Scheepers, seine Frau Heike w\u00e4hlte er zur K\u00f6nigin. Sie \u00fcbernehmen die Regentschaft vom amtierenden K\u00f6nigspaar Norbert und Jutta Lauel. Kindersch\u00fctzenk\u00f6nig wurde Michael Br\u00fcnen, zur K\u00f6nigin erkor er Meike Lauel. Sie l\u00f6sten das Vorjahresk\u00f6nigspaar Marc Lauel und Tanja Lauel ab. Vereinsmeister im Plakettenschie\u00dfen wurden in der Altersgruppe bis 35 Jahre: Gold Michael Niemeyer, Silber Michael Lammers, Bronze Thomas Segger. In der Altersgruppe \u00fcber 35 Jahre errang der neue Sch\u00fctzenk\u00f6nig Thomas Scheepers Gold, Johannes Reveramnn Silber und Paul Seggering die Bronzemedaille. Neben zehn Ehrungen f\u00fcr 25-j\u00e4hrige Mitgliedschaft erhielt Vorsitzender Gerd Huilmann einen Orden f\u00fcr zehn Jahre Vorstandsarbeit.<\/p>\n<h2>\u00a0Jahresr\u00fcckblick 2002<\/h2>\n<ol>\n<li>Die Doppelkopfturniere fanden in diesem Jahr am 19.02. und am 14.03.2002 statt. Wie gewohnt konnten die zahlreichen Teilnehmer ihrer Spielst\u00e4rke bzw. ihrer Tagesform entsprechend attraktive Preise gewinnen.<\/li>\n<li>Anders als im letzten Jahr g\u00f6nnte uns der Wettergott am 01.06.2002 anl\u00e4sslich unserer 22 Radtour \u201eFahrt ins Blaue\u201c tolles Wetter. Dementsprechend erfreuten sich die 120 Teilnehmer der strahlenden Sonne um nach dem Radeln den Abschluss bei W\u00fcrstchen und Pommes auf dem Steider Festplatz zu feiern.<\/li>\n<li>In diesem Jahr nahm unser Verein an den Jubelfesten des Sch\u00fctzenvereins Ohne-Haddorf am 09.06.2002, des Junggesellensch\u00fctzenvereins Schotthock am 23.06.2002 und des Sch\u00fctzenvereins Steide am 21.07.2002 teil. Wie leider in den vergangenen Jahren auch, war die Beteiligung an den ausw\u00e4rtigen Jubelfesten eher schlecht. Das Fest unserer Nachbarn aus Steide wollten sich allerdings wesentlich weniger Sch\u00fctzen entgehen lassen, so dass dort lang und ausgiebig gefeiert wurde.<\/li>\n<li>Das diesj\u00e4hrige Sch\u00fctzenfest feierten wir auf dem Festplatz an der D\u00fcnnstra\u00dfe vom 10.08. bis 13.08.2002. Da zuvor unser langj\u00e4hriges Vereinslokal geschlossen wurde und dem zufolge einige Abl\u00e4ufe ge\u00e4ndert werden mussten, waren nat\u00fcrlich alle gespannt, ob unser Fest problemlos \u00fcber die B\u00fchne gehen w\u00fcrde. Nat\u00fcrlich verlief alles recht harmonisch, Festwirt Richard Mahl hatte die Sache gut im Griff. Lediglich den Kindern und Eltern bot sich am Samstagnachmittag ein ungewohntes Bild: statt Sonnenbrille waren Schirm und Regenjacke angesagt. Der Spa\u00df der Kinder konnte dadurch jedoch nicht verringert werden, das Kindersch\u00fctzenfest fand komplett auf dem Festzelt statt. P\u00fcnktlich zum Abend hin verabschiedete sich der Regen, um den Jugendlichen ein unbeschwertes Feiern mit der Band Finity zu erm\u00f6glichen. Rund 1200 verkaufte Eintrittskarten und noch mehr G\u00e4ste beweisen: der Abend war ein voller Erfolg. Das Antreten zum Festumzug am Sonntag fand erstmals an der Gastst\u00e4tte Lammers statt. Nachdem 10 Sch\u00fctzenbr\u00fcder f\u00fcr ihre 25-j\u00e4hrige Mitgliedschaft geehrt wurden, erhielt unser Vorsitzender Gerd Huilmann eine besondere Anerkennung f\u00fcr 10-j\u00e4hrige Vorstandst\u00e4tigkeit. Anschlie\u00dfend fand wiederum eine Gro\u00dfe Tombola bei reichlich Kaffee und Kuchen statt. F\u00fcr die musikalische Untermalung sorgte einmal mehr der Musikverein Salzbergen. Mit dem D\u00e4mmerschoppen klang der Sonntag aus. Am Montagmorgen fanden sich 172 Sch\u00fctzen am Festplatz ein, um den gemeinsamen Kirchgang anzutreten. Nach der Kranzniederlegung und dem kurzen \u201eauftanken\u201c beim Gemeindedirektor ging es zur\u00fcck zum Festzelt, um das von den K\u00f6nigsnachbarsfrauen vorbereitete Fr\u00fchst\u00fcck einzunehmen. Frisch gest\u00e4rkt konnte so zum eigentlichen H\u00f6hepunkt des Sch\u00fctzenfestes, dem K\u00f6nigs- und Plakettenschie\u00dfen \u00fcbergegangen werden. Hartn\u00e4ckig wehrte sich der Vogel, doch nach 327 Schu\u00df erl\u00f6ste er die gespannten Zuschauer und viel zu Boden. Nachdem er unmittelbar vorher im Stechen den Vereinsmeistertitel errang, war Thomas Scheepers der gl\u00fcckliche K\u00f6nigssch\u00fctze. Ohne zu z\u00f6gern erkor er seine Frau Heike zur K\u00f6nigin. Eine gewaltige Kulisse boten abends beim Ausholen der K\u00f6nigspaare die beiden Musikvereine. Neben dem Musikverein Salzbergen war die Feuerwehrkapelle aus Spelle-Venhaus angereist, um ihrem Mitspieler Thomas Scheepers ein St\u00e4ndchen zu bringen. Beim K\u00f6nigsball war die Stimmung mit den \u201ePortatos\u201c wieder einmal riesig. Getanzt wurde bis in den fr\u00fchen Morgen.<\/li>\n<li>Das Sch\u00fctzenfest endete am Dienstag mit dem traditionelle Kehraus beim Festwirt Richard Mahl.<\/li>\n<li>Im Vergleich zur Mitgliederzahl nahmen erneut nur wenige Sch\u00fctzen am Volkstrauertag an der Kranzniederlegung teil.<\/li>\n<\/ol>\n","protected":false},"excerpt":{"rendered":"<p>Pressebericht 2002 Thomas Scheepers regiert in Salzbergen Der Hubertus-Sch\u00fctzenverein Salzbergen e.V. rundete mit seinem Sch\u00fctzenfest die zahlreichen Sch\u00fctzenfeste der Salzbergener Vereine in diesem Jahr ab. Sch\u00fctzenk\u00f6nig wurde Thomas Scheepers, seine Frau Heike w\u00e4hlte er zur K\u00f6nigin. Sie \u00fcbernehmen die Regentschaft vom amtierenden K\u00f6nigspaar Norbert und Jutta Lauel. Kindersch\u00fctzenk\u00f6nig wurde Michael Br\u00fcnen, zur K\u00f6nigin erkor er [&hellip;]<\/p>\n","protected":false},"author":1,"featured_media":0,"parent":2458,"menu_order":0,"comment_status":"closed","ping_status":"closed","template":"","meta":{"jetpack_post_was_ever_published":false,"footnotes":""},"class_list":["post-2460","page","type-page","status-publish","hentry","entry"],"jetpack_sharing_enabled":true,"jetpack_shortlink":"https:\/\/wp.me\/P8RsoT-DG","jetpack-related-posts":[{"id":2471,"url":"https:\/\/www.hubertus-schuetzenverein.de\/?page_id=2471","url_meta":{"origin":2460,"position":0},"title":"2003","author":"Thorsten","date":"Juni 26, 2017","format":false,"excerpt":"Pressebericht 2003 Franz Kestering wurde Sch\u00fctzenk\u00f6nig in Salzbergen Der Hubertus-Sch\u00fctzenverein Salzbergen rundete mit seinem Sch\u00fctzenfest wie in den letzten Jahren die zahlreichen Sch\u00fctzenfeste der Salzbergener Vereine in diesem Jahr ab. Sch\u00fctzenk\u00f6nig wurde Franz Kestering, Erna Schilling w\u00e4hlte er zur K\u00f6nigin. Sie \u00fcbernehmen die Regentschaft vom amtierenden K\u00f6nigspaar Thomas und Heike\u2026","rel":"","context":"\u00c4hnlicher Beitrag","block_context":{"text":"\u00c4hnlicher Beitrag","link":""},"img":{"alt_text":"","src":"https:\/\/i0.wp.com\/wordpress.hubertus-schuetzenverein.de\/wp-content\/uploads\/2017\/06\/presse2003-300x225.jpg?resize=350%2C200","width":350,"height":200},"classes":[]},{"id":49,"url":"https:\/\/www.hubertus-schuetzenverein.de\/?page_id=49","url_meta":{"origin":2460,"position":1},"title":"Historie der K\u00f6nigspaare (1965-heute)","author":"Thorsten","date":"Juni 15, 2017","format":false,"excerpt":"2025 - Niels und Melanie Finke 2024 - Pascal Elling und Helen K\u00fcnnemann 2023 - Jonas Thiel und Diana Melnik 2022 - Yvonne und Olaf Nega 2019 - Gudrun und Reiner Thale 2018 - Mareike Egbers & Matthias R\u00f6ttering 2017 - Bianka & J\u00f6rg Sch\u00fcring 2016 - Reinhild & Thomas\u2026","rel":"","context":"\u00c4hnlicher Beitrag","block_context":{"text":"\u00c4hnlicher Beitrag","link":""},"img":{"alt_text":"2025 - Niels und Melanie Finke","src":"https:\/\/i0.wp.com\/www.hubertus-schuetzenverein.de\/wp-content\/uploads\/2025\/08\/HubertusKoenigspaar_2025-scaled.jpg?resize=350%2C200","width":350,"height":200,"srcset":"https:\/\/i0.wp.com\/www.hubertus-schuetzenverein.de\/wp-content\/uploads\/2025\/08\/HubertusKoenigspaar_2025-scaled.jpg?resize=350%2C200 1x, https:\/\/i0.wp.com\/www.hubertus-schuetzenverein.de\/wp-content\/uploads\/2025\/08\/HubertusKoenigspaar_2025-scaled.jpg?resize=525%2C300 1.5x, https:\/\/i0.wp.com\/www.hubertus-schuetzenverein.de\/wp-content\/uploads\/2025\/08\/HubertusKoenigspaar_2025-scaled.jpg?resize=700%2C400 2x, https:\/\/i0.wp.com\/www.hubertus-schuetzenverein.de\/wp-content\/uploads\/2025\/08\/HubertusKoenigspaar_2025-scaled.jpg?resize=1050%2C600 3x, https:\/\/i0.wp.com\/www.hubertus-schuetzenverein.de\/wp-content\/uploads\/2025\/08\/HubertusKoenigspaar_2025-scaled.jpg?resize=1400%2C800 4x"},"classes":[]},{"id":3542,"url":"https:\/\/www.hubertus-schuetzenverein.de\/?page_id=3542","url_meta":{"origin":2460,"position":2},"title":"2009","author":"Thorsten","date":"Juni 29, 2017","format":false,"excerpt":"Pressebericht 2009 Helmut Siepker ist neuer K\u00f6nig Helmut Siepker (rechts) ist neuer K\u00f6nig im Hubertus-Sch\u00fctzenverein Salzbergen. K\u00f6nigin ist Karola Siepker. Beim Kindersch\u00fctzenfest gelang es Alexander M\u00fclder, die Kinderk\u00f6nigsw\u00fcrde zu erringen, Julia van der Zee wurde Kinderk\u00f6nigin. Geehrt wurden Stefan D\u00fctz, Helmut Harmann, Stefan Thiel, Heinz Thien, Michael Twilling, Rolf Effner,\u2026","rel":"","context":"\u00c4hnlicher Beitrag","block_context":{"text":"\u00c4hnlicher Beitrag","link":""},"img":{"alt_text":"v.l. Das alte K\u00f6nigspaar Matthias B\u00fcnker und Heike Th\u00fcnemann + Helmut und Karola Siepker - Th\u00fcnemann \u00a9 2009","src":"https:\/\/i0.wp.com\/wordpress.hubertus-schuetzenverein.de\/wp-content\/uploads\/2017\/06\/presse2009-300x240.jpg?resize=350%2C200","width":350,"height":200},"classes":[]},{"id":4092,"url":"https:\/\/www.hubertus-schuetzenverein.de\/?page_id=4092","url_meta":{"origin":2460,"position":3},"title":"2019","author":"Thorsten","date":"September 1, 2017","format":false,"excerpt":"Reiner Thale regiert den Kongo! Der Hubertus Sch\u00fctzenverein Salzbergen e. V. feierte vom 10.-12. August sein 54. Sch\u00fctzenfest. Der Samstag stand ganz im Zeichen eines z\u00fcnftigen Musikabends. Erst traf man sich mit Pastor Droste zu einem Wortgottesdienst, danach spielte die Spitzen- Liveband Holy Moly und brachte das Festzelt zum Beben.\u00a0\u2026","rel":"","context":"\u00c4hnlicher Beitrag","block_context":{"text":"\u00c4hnlicher Beitrag","link":""},"img":{"alt_text":"K\u00f6nigspaar Gudrun und Reiner Thale, Foto: Klaus G\u00f6dde","src":"https:\/\/i0.wp.com\/www.hubertus-schuetzenverein.de\/wp-content\/uploads\/2019\/11\/koenigspaar_2019-200x300.jpg?resize=350%2C200","width":350,"height":200},"classes":[]},{"id":3550,"url":"https:\/\/www.hubertus-schuetzenverein.de\/?page_id=3550","url_meta":{"origin":2460,"position":4},"title":"2012","author":"Thorsten","date":"Juni 29, 2017","format":false,"excerpt":"Pressebericht 2012 Cichon ist neuer K\u00f6nig in Salzbergen Der Hubertus \u2013 Sch\u00fctzenverein Salzbergen e. V. feierte vom 11. \u2013 13. August sein 47. Sch\u00fctzenfest. Der Samstag stand ganz im Zeichen eines z\u00fcnftigen Musikabends. Man traf sich bei z\u00fcnftiger Blasmusik mit den Vechtetalmusikanten und weiter sp\u00e4ter mit \u201eFeeling\u201c zum ab rocken.\u2026","rel":"","context":"\u00c4hnlicher Beitrag","block_context":{"text":"\u00c4hnlicher Beitrag","link":""},"img":{"alt_text":"v. l. K\u00f6nig Bj\u00f6rn Cichon mit Conny Mahl und den Vorjahresk\u00f6nig Christoph Thiel mit K\u00f6nigin Sandra Sterzik - Klaus G\u00f6dde\u00a0\u00a9 2012","src":"https:\/\/i0.wp.com\/wordpress.hubertus-schuetzenverein.de\/wp-content\/uploads\/2017\/06\/presse2012-294x300.jpg?resize=350%2C200","width":350,"height":200},"classes":[]},{"id":3545,"url":"https:\/\/www.hubertus-schuetzenverein.de\/?page_id=3545","url_meta":{"origin":2460,"position":5},"title":"2010","author":"Thorsten","date":"Juni 29, 2017","format":false,"excerpt":"Pressebericht 2010 Klaus Becke ist K\u00f6nig in Salzbergen Neuer K\u00f6nig des Hubertus-Sch\u00fctzenvereins Salzbergen ist Klaus Becke. Er \u00fcbernahm die Regentschaft vom Vorjahresk\u00f6nig Helmut Siepker. Beim Kindersch\u00fctzenfest holte Eric Kre\u00dfner die Kinderk\u00f6nigsw\u00fcrde, Juliane M\u00fclder wurde Kinderk\u00f6nigin. Am Sonntagnachmittag wurden Andreas Stein, Heinz Haumer, J\u00fcrgen Kestering und Andreas Kestering f\u00fcr 25 Jahre\u2026","rel":"","context":"\u00c4hnlicher Beitrag","block_context":{"text":"\u00c4hnlicher Beitrag","link":""},"img":{"alt_text":"v.l. Vorjahresk\u00f6nig Helmut und Karola Siepker + Klaus Becke und Heike Humpack - Andreas Sattler \u00a9 2010","src":"https:\/\/i0.wp.com\/wordpress.hubertus-schuetzenverein.de\/wp-content\/uploads\/2017\/06\/presse2010-300x200.jpg?resize=350%2C200","width":350,"height":200},"classes":[]}],"_links":{"self":[{"href":"https:\/\/www.hubertus-schuetzenverein.de\/index.php?rest_route=\/wp\/v2\/pages\/2460","targetHints":{"allow":["GET"]}}],"collection":[{"href":"https:\/\/www.hubertus-schuetzenverein.de\/index.php?rest_route=\/wp\/v2\/pages"}],"about":[{"href":"https:\/\/www.hubertus-schuetzenverein.de\/index.php?rest_route=\/wp\/v2\/types\/page"}],"author":[{"embeddable":true,"href":"https:\/\/www.hubertus-schuetzenverein.de\/index.php?rest_route=\/wp\/v2\/users\/1"}],"replies":[{"embeddable":true,"href":"https:\/\/www.hubertus-schuetzenverein.de\/index.php?rest_route=%2Fwp%2Fv2%2Fcomments&post=2460"}],"version-history":[{"count":10,"href":"https:\/\/www.hubertus-schuetzenverein.de\/index.php?rest_route=\/wp\/v2\/pages\/2460\/revisions"}],"predecessor-version":[{"id":2473,"href":"https:\/\/www.hubertus-schuetzenverein.de\/index.php?rest_route=\/wp\/v2\/pages\/2460\/revisions\/2473"}],"up":[{"embeddable":true,"href":"https:\/\/www.hubertus-schuetzenverein.de\/index.php?rest_route=\/wp\/v2\/pages\/2458"}],"wp:attachment":[{"href":"https:\/\/www.hubertus-schuetzenverein.de\/index.php?rest_route=%2Fwp%2Fv2%2Fmedia&parent=2460"}],"curies":[{"name":"wp","href":"https:\/\/api.w.org\/{rel}","templated":true}]}}